{"id":4171,"date":"2019-11-04T21:34:23","date_gmt":"2019-11-04T20:34:23","guid":{"rendered":"https:\/\/mandragoracosmetica.com\/producto\/mimo\/"},"modified":"2024-04-11T10:59:03","modified_gmt":"2024-04-11T08:59:03","slug":"mimo","status":"publish","type":"product","link":"https:\/\/mandragoracosmetica.com\/ca\/producto\/mimo\/","title":{"rendered":"Mimo &#8211; sab\u00f3 de lavanda 90gr"},"content":{"rendered":"<p>[et_pb_section fb_built=&#8221;1&#8243; _builder_version=&#8221;4.16&#8243; custom_padding=&#8221;0px||||false|false&#8221; global_colors_info=&#8221;{}&#8221;][et_pb_row _builder_version=&#8221;4.16&#8243; background_size=&#8221;initial&#8221; background_position=&#8221;top_left&#8221; background_repeat=&#8221;repeat&#8221; width=&#8221;100%&#8221; custom_padding=&#8221;0px||0px||false|false&#8221; global_colors_info=&#8221;{}&#8221;][et_pb_column type=&#8221;4_4&#8243; _builder_version=&#8221;4.16&#8243; custom_padding=&#8221;|||&#8221; global_colors_info=&#8221;{}&#8221; custom_padding__hover=&#8221;|||&#8221;][et_pb_wc_breadcrumb _builder_version=&#8221;4.16&#8243; global_colors_info=&#8221;{}&#8221;][\/et_pb_wc_breadcrumb][et_pb_wc_cart_notice _builder_version=&#8221;4.16&#8243; global_colors_info=&#8221;{}&#8221;][\/et_pb_wc_cart_notice][\/et_pb_column][\/et_pb_row][et_pb_row column_structure=&#8221;1_2,1_2&#8243; _builder_version=&#8221;4.16&#8243; background_size=&#8221;initial&#8221; background_position=&#8221;top_left&#8221; background_repeat=&#8221;repeat&#8221; width=&#8221;100%&#8221; custom_padding=&#8221;0px||||false|false&#8221; global_colors_info=&#8221;{}&#8221;][et_pb_column type=&#8221;1_2&#8243; _builder_version=&#8221;4.16&#8243; custom_padding=&#8221;|||&#8221; global_colors_info=&#8221;{}&#8221; custom_padding__hover=&#8221;|||&#8221;][et_pb_wc_images _builder_version=&#8221;4.16&#8243; global_colors_info=&#8221;{}&#8221;][\/et_pb_wc_images][\/et_pb_column][et_pb_column type=&#8221;1_2&#8243; _builder_version=&#8221;4.16&#8243; custom_padding=&#8221;|||&#8221; global_colors_info=&#8221;{}&#8221; custom_padding__hover=&#8221;|||&#8221;][et_pb_wc_title _builder_version=&#8221;4.16&#8243; global_colors_info=&#8221;{}&#8221;][\/et_pb_wc_title][et_pb_wc_rating _builder_version=&#8221;4.16&#8243; global_colors_info=&#8221;{}&#8221;][\/et_pb_wc_rating][et_pb_wc_price _builder_version=&#8221;4.16&#8243; global_colors_info=&#8221;{}&#8221;][\/et_pb_wc_price][et_pb_wc_description _builder_version=&#8221;4.16&#8243; global_colors_info=&#8221;{}&#8221;][\/et_pb_wc_description][et_pb_wc_add_to_cart _builder_version=&#8221;4.16&#8243; global_colors_info=&#8221;{}&#8221;][\/et_pb_wc_add_to_cart][et_pb_wc_meta _builder_version=&#8221;4.16&#8243; global_colors_info=&#8221;{}&#8221;][\/et_pb_wc_meta][\/et_pb_column][\/et_pb_row][et_pb_row _builder_version=&#8221;4.16&#8243; width=&#8221;100%&#8221; max_width=&#8221;1111px&#8221; custom_padding=&#8221;||0px|||&#8221; global_colors_info=&#8221;{}&#8221;][et_pb_column type=&#8221;4_4&#8243; _builder_version=&#8221;4.16&#8243; global_colors_info=&#8221;{}&#8221;][et_pb_accordion _builder_version=&#8221;4.16&#8243; global_colors_info=&#8221;{}&#8221;][et_pb_accordion_item title=&#8221;Utilitats&#8221; open=&#8221;on&#8221; open_toggle_text_color=&#8221;#443322&#8243; open_toggle_background_color=&#8221;rgba(221,204,170,0.24)&#8221; closed_toggle_text_color=&#8221;#443322&#8243; closed_toggle_background_color=&#8221;rgba(221,204,170,0.24)&#8221; icon_color=&#8221;#443322&#8243; use_icon_font_size=&#8221;on&#8221; icon_font_size=&#8221;20px&#8221; open_icon_color=&#8221;#443322&#8243; open_use_icon_font_size=&#8221;on&#8221; open_icon_font_size=&#8221;20px&#8221; _builder_version=&#8221;4.16&#8243; body_font=&#8221;Raleway||||||||&#8221; text_orientation=&#8221;left&#8221; border_color_all=&#8221;#998877&#8243; global_colors_info=&#8221;{}&#8221; toggle_text_color=&#8221;#443322&#8243; toggle_font=&#8221;Lora|700|on||||||&#8221; toggle_font_size=&#8221;20px&#8221; closed_toggle_font=&#8221;Lora|700|||||||&#8221; closed_toggle_font_size=&#8221;20px&#8221;]<span style=\"font-weight: 400;\">&#8211; Perfecte per l&#8217;\u00fas corporal<\/span><span style=\"font-weight: 400;\"><br \/>\n<\/span><span style=\"font-weight: 400;\">&#8211; Ideal tamb\u00e9 com a sab\u00f3 de mans<\/span><span style=\"font-weight: 400;\"><br \/>\n<\/span><span style=\"font-weight: 400;\">&#8211; Pell seca<\/span><span style=\"font-weight: 400;\"><br \/>\n<\/span><span style=\"font-weight: 400;\">&#8211; Pell sensible<\/span><span style=\"font-weight: 400;\"><br \/>\n<\/span><span style=\"font-weight: 400;\">&#8211; Ideal per relaxar el cos i la ment a la dutxa di\u00e0ria<\/span><span style=\"font-weight: 400;\"><br \/>\n<\/span><span style=\"font-weight: 400;\">&#8211; Per un bany relaxant especial<\/span>[\/et_pb_accordion_item][et_pb_accordion_item title=&#8221;Destaca per&#8221; open_toggle_text_color=&#8221;#443322&#8243; open_toggle_background_color=&#8221;rgba(221,204,170,0.24)&#8221; closed_toggle_text_color=&#8221;#443322&#8243; closed_toggle_background_color=&#8221;rgba(221,204,170,0.24)&#8221; icon_color=&#8221;#443322&#8243; use_icon_font_size=&#8221;on&#8221; icon_font_size=&#8221;20px&#8221; open_icon_color=&#8221;#443322&#8243; open_use_icon_font_size=&#8221;on&#8221; open_icon_font_size=&#8221;20px&#8221; _builder_version=&#8221;4.16&#8243; body_font=&#8221;Raleway||||||||&#8221; text_orientation=&#8221;left&#8221; border_color_all=&#8221;#998877&#8243; global_colors_info=&#8221;{}&#8221; toggle_text_color=&#8221;#443322&#8243; toggle_font=&#8221;Lora|700|on||||||&#8221; toggle_font_size=&#8221;20px&#8221; closed_toggle_font=&#8221;Lora|700|||||||&#8221; closed_toggle_font_size=&#8221;20px&#8221; open=&#8221;off&#8221;]<span style=\"font-weight: 400;\">\u2022 F\u00f3rmula suau amb abundosa escuma.<\/span><span style=\"font-weight: 400;\"><br \/>\n<\/span><span style=\"font-weight: 400;\">\u2022 La base amb olis verges extrets de primera premsada en fred el converteix en un netejador suau molt hidratant.\u00a0<\/span><span style=\"font-weight: 400;\"><br \/>\n<\/span><span style=\"font-weight: 400;\">\u2022 Est\u00e0 elaborat amb lavanda de recol\u00b7lecci\u00f3 pr\u00f2pia, aix\u00ed ens assegurem d&#8217;obtenir un extracte concentrat en principis actius relaxants que juntament amb la mantega de karit\u00e9 ens aporten propietats hidratants i nutritives.\u00a0<\/span><span style=\"font-weight: 400;\"><br \/>\n<\/span><span style=\"font-weight: 400;\">\u2022 L&#8217;oli essencial pur de lavand\u00ed completa l&#8217;efic\u00e0cia antiinflamat\u00f2ria, calmant i antis\u00e8ptica i t&#8217;ajuda a assolir la calma a partir de la pell.\u00a0<\/span>[\/et_pb_accordion_item][et_pb_accordion_item title=&#8221;Composici\u00f3&#8221; open_toggle_text_color=&#8221;#443322&#8243; open_toggle_background_color=&#8221;rgba(221,204,170,0.24)&#8221; closed_toggle_text_color=&#8221;#443322&#8243; closed_toggle_background_color=&#8221;rgba(221,204,170,0.24)&#8221; icon_color=&#8221;#443322&#8243; use_icon_font_size=&#8221;on&#8221; icon_font_size=&#8221;20px&#8221; open_icon_color=&#8221;#443322&#8243; open_use_icon_font_size=&#8221;on&#8221; open_icon_font_size=&#8221;20px&#8221; _builder_version=&#8221;4.16&#8243; body_font=&#8221;Raleway||||||||&#8221; text_orientation=&#8221;left&#8221; border_color_all=&#8221;#998877&#8243; global_colors_info=&#8221;{}&#8221; toggle_text_color=&#8221;#443322&#8243; toggle_font=&#8221;Lora|700|on||||||&#8221; toggle_font_size=&#8221;20px&#8221; closed_toggle_font=&#8221;Lora|700|||||||&#8221; closed_toggle_font_size=&#8221;20px&#8221; open=&#8221;off&#8221;]<span style=\"font-weight: 400;\">olea europaea fruit oil*** (oli d&#8217;oliva verge), cocos nucifera oil*** (oli de coco verge), aqua, sodium hydroxide (sosa c\u00e0ustica), prunus amygdalus dulcis oil (oli d&#8217;ametlles dolces), butyrospermum parkii butter*** (karit\u00e9 verge), indigofera tinctoria (extracte en pols de la planta indigofera), lavandula hybrida oil*** (a.e lavand\u00ed), lavandula spica flower (flors de lavanda), lavandula spica flower extract** (extracte de lavanda), commiphora myrrha resin extract** (extracte de mirra), alcohol denat, tocopherol (vit.E natural), linalool*.<\/span><\/p>\n<p>*presents naturalmente als olis esencials purs.<br \/>\n** de recol\u00b7lecci\u00f3\/elaboraci\u00f3 propia.<br \/>\n*** de proced\u00e8ncia ecol\u00f2gica certificada.[\/et_pb_accordion_item][\/et_pb_accordion][\/et_pb_column][\/et_pb_row][et_pb_row _builder_version=&#8221;4.16&#8243; width=&#8221;100%&#8221; custom_margin=&#8221;40px|auto||auto||&#8221; global_colors_info=&#8221;{}&#8221;][et_pb_column type=&#8221;4_4&#8243; _builder_version=&#8221;4.16&#8243; global_colors_info=&#8221;{}&#8221;][et_pb_wc_related_products posts_number=&#8221;4&#8243; columns_number=&#8221;4&#8243; _builder_version=&#8221;4.16&#8243; global_colors_info=&#8221;{}&#8221;][\/et_pb_wc_related_products][\/et_pb_column][\/et_pb_row][et_pb_row _builder_version=&#8221;4.16&#8243; width=&#8221;100%&#8221; custom_margin=&#8221;40px|auto||auto||&#8221; locked=&#8221;off&#8221; collapsed=&#8221;off&#8221; global_colors_info=&#8221;{}&#8221;][et_pb_column type=&#8221;4_4&#8243; _builder_version=&#8221;4.16&#8243; global_colors_info=&#8221;{}&#8221;][et_pb_wc_reviews _builder_version=&#8221;4.19.1&#8243; _module_preset=&#8221;default&#8221; global_colors_info=&#8221;{}&#8221;][\/et_pb_wc_reviews][\/et_pb_column][\/et_pb_row][\/et_pb_section]<\/p>\n","protected":false},"excerpt":{"rendered":"<p><b>\u201cEl sab\u00f3 que et duu a la relaxaci\u00f3 i l&#8217;equilibri\u201d<\/b><span style=\"font-weight: 400;\"><br \/>\n<\/span><span style=\"font-weight: 400;\"><br \/>\n<\/span><span style=\"font-weight: 400;\">Coco bio \u2013 Lavanda bio \u2013 karit\u00e9 bio<\/span><span style=\"font-weight: 400;\"><br \/>\n<\/span><span style=\"font-weight: 400;\">Amb extractes d&#8217;anyil i mirra<\/span><span style=\"font-weight: 400;\"><br \/>\n<\/span><span style=\"font-weight: 400;\"><br \/>\n<\/span><span style=\"font-weight: 400;\">La f\u00f3rmula suau i hidratant, d&#8217;escuma abundant, juntament amb l&#8217;aroma floral de lavanda t&#8217;aporten calma i ajuden a relaxar-te. Els ingredients el converteixen en un sab\u00f3 ideal per mantenir la pell cuidada i hidratada.\u00a0\u00a0<\/span><span style=\"font-weight: 400;\"><br \/>\n<\/span><span style=\"font-weight: 400;\"><br \/>\n<\/span><span style=\"font-weight: 400;\">Sab\u00f3 suau i nutritiu<\/span><span style=\"font-weight: 400;\"><br \/>\n<\/span><span style=\"font-weight: 400;\">Pell delicada &#8211; Pell seca<\/span><\/p>\n","protected":false},"featured_media":4172,"comment_status":"open","ping_status":"closed","template":"","meta":{"_et_pb_use_builder":"on","_et_pb_old_content":"","_et_gb_content_width":""},"product_brand":[],"product_cat":[51,53],"product_tag":[],"class_list":{"0":"post-4171","1":"product","2":"type-product","3":"status-publish","4":"has-post-thumbnail","6":"product_cat-corporal-ca-2","7":"product_cat-higiene-ca","9":"first","10":"instock","11":"taxable","12":"shipping-taxable","13":"purchasable","14":"product-type-simple"},"yoast_head":"<!-- This site is optimized with the Yoast SEO plugin v20.8 - https:\/\/yoast.com\/wordpress\/plugins\/seo\/ -->\n<title>Mimo - sab\u00f3 de lavanda 90gr - Mandragora Cosm\u00e9tica<\/title>\n<meta name=\"robots\" content=\"index, follow, max-snippet:-1, max-image-preview:large, max-video-preview:-1\" \/>\n<link rel=\"canonical\" href=\"https:\/\/mandragoracosmetica.com\/ca\/producto\/mimo\/\" \/>\n<meta property=\"og:locale\" content=\"ca_ES\" \/>\n<meta property=\"og:type\" content=\"article\" \/>\n<meta property=\"og:title\" content=\"Mimo - sab\u00f3 de lavanda 90gr - Mandragora Cosm\u00e9tica\" \/>\n<meta property=\"og:description\" content=\"\u201cEl sab\u00f3 que et duu a la relaxaci\u00f3 i l&#039;equilibri\u201d  Coco bio \u2013 Lavanda bio \u2013 karit\u00e9 bio Amb extractes d&#039;anyil i mirra  La f\u00f3rmula suau i hidratant, d&#039;escuma abundant, juntament amb l&#039;aroma floral de lavanda t&#039;aporten calma i ajuden a relaxar-te. Els ingredients el converteixen en un sab\u00f3 ideal per mantenir la pell cuidada i hidratada.\u00a0\u00a0  Sab\u00f3 suau i nutritiu Pell delicada - Pell seca\" \/>\n<meta property=\"og:url\" content=\"https:\/\/mandragoracosmetica.com\/ca\/producto\/mimo\/\" \/>\n<meta property=\"og:site_name\" content=\"Mandragora Cosm\u00e9tica\" \/>\n<meta property=\"article:modified_time\" content=\"2024-04-11T08:59:03+00:00\" \/>\n<meta property=\"og:image\" content=\"http:\/\/mandragoracosmetica.com\/wp-content\/uploads\/2019\/11\/mimo.jpg\" \/>\n\t<meta property=\"og:image:width\" content=\"1200\" \/>\n\t<meta property=\"og:image:height\" content=\"798\" \/>\n\t<meta property=\"og:image:type\" content=\"image\/jpeg\" \/>\n<meta name=\"twitter:card\" content=\"summary_large_image\" \/>\n<meta name=\"twitter:label1\" content=\"Temps estimat de lectura\" \/>\n\t<meta name=\"twitter:data1\" content=\"2 minuts\" \/>\n<script type=\"application\/ld+json\" class=\"yoast-schema-graph\">{\"@context\":\"https:\/\/schema.org\",\"@graph\":[{\"@type\":\"WebPage\",\"@id\":\"https:\/\/mandragoracosmetica.com\/ca\/producto\/mimo\/\",\"url\":\"https:\/\/mandragoracosmetica.com\/ca\/producto\/mimo\/\",\"name\":\"Mimo - sab\u00f3 de lavanda 90gr - Mandragora Cosm\u00e9tica\",\"isPartOf\":{\"@id\":\"https:\/\/mandragoracosmetica.com\/ca\/#website\"},\"datePublished\":\"2019-11-04T20:34:23+00:00\",\"dateModified\":\"2024-04-11T08:59:03+00:00\",\"breadcrumb\":{\"@id\":\"https:\/\/mandragoracosmetica.com\/ca\/producto\/mimo\/#breadcrumb\"},\"inLanguage\":\"ca\",\"potentialAction\":[{\"@type\":\"ReadAction\",\"target\":[\"https:\/\/mandragoracosmetica.com\/ca\/producto\/mimo\/\"]}]},{\"@type\":\"BreadcrumbList\",\"@id\":\"https:\/\/mandragoracosmetica.com\/ca\/producto\/mimo\/#breadcrumb\",\"itemListElement\":[{\"@type\":\"ListItem\",\"position\":1,\"name\":\"Portada\",\"item\":\"https:\/\/mandragoracosmetica.com\/ca\/inici-copia\/\"},{\"@type\":\"ListItem\",\"position\":2,\"name\":\"Botiga\",\"item\":\"https:\/\/mandragoracosmetica.com\/ca\/tienda-3\/\"},{\"@type\":\"ListItem\",\"position\":3,\"name\":\"Mimo &#8211; sab\u00f3 de lavanda 90gr\"}]},{\"@type\":\"WebSite\",\"@id\":\"https:\/\/mandragoracosmetica.com\/ca\/#website\",\"url\":\"https:\/\/mandragoracosmetica.com\/ca\/\",\"name\":\"Mandragora Cosm\u00e9tica\",\"description\":\"Cosm\u00e9tica artesanal y org\u00e1nica elaborada con criterio natural y conservantes vegetales\",\"publisher\":{\"@id\":\"https:\/\/mandragoracosmetica.com\/ca\/#organization\"},\"potentialAction\":[{\"@type\":\"SearchAction\",\"target\":{\"@type\":\"EntryPoint\",\"urlTemplate\":\"https:\/\/mandragoracosmetica.com\/ca\/?s={search_term_string}\"},\"query-input\":\"required name=search_term_string\"}],\"inLanguage\":\"ca\"},{\"@type\":\"Organization\",\"@id\":\"https:\/\/mandragoracosmetica.com\/ca\/#organization\",\"name\":\"Mandragora - cosm\u00e9tica natural artesana\",\"url\":\"https:\/\/mandragoracosmetica.com\/ca\/\",\"logo\":{\"@type\":\"ImageObject\",\"inLanguage\":\"ca\",\"@id\":\"https:\/\/mandragoracosmetica.com\/ca\/#\/schema\/logo\/image\/\",\"url\":\"https:\/\/mandragoracosmetica.com\/wp-content\/uploads\/2019\/11\/logo-compost-text-petit-scaled.png\",\"contentUrl\":\"https:\/\/mandragoracosmetica.com\/wp-content\/uploads\/2019\/11\/logo-compost-text-petit-scaled.png\",\"width\":1200,\"height\":480,\"caption\":\"Mandragora - cosm\u00e9tica natural artesana\"},\"image\":{\"@id\":\"https:\/\/mandragoracosmetica.com\/ca\/#\/schema\/logo\/image\/\"}}]}<\/script>\n<!-- \/ Yoast SEO plugin. -->","yoast_head_json":{"title":"Mimo - sab\u00f3 de lavanda 90gr - Mandragora Cosm\u00e9tica","robots":{"index":"index","follow":"follow","max-snippet":"max-snippet:-1","max-image-preview":"max-image-preview:large","max-video-preview":"max-video-preview:-1"},"canonical":"https:\/\/mandragoracosmetica.com\/ca\/producto\/mimo\/","og_locale":"ca_ES","og_type":"article","og_title":"Mimo - sab\u00f3 de lavanda 90gr - Mandragora Cosm\u00e9tica","og_description":"\u201cEl sab\u00f3 que et duu a la relaxaci\u00f3 i l'equilibri\u201d  Coco bio \u2013 Lavanda bio \u2013 karit\u00e9 bio Amb extractes d'anyil i mirra  La f\u00f3rmula suau i hidratant, d'escuma abundant, juntament amb l'aroma floral de lavanda t'aporten calma i ajuden a relaxar-te. Els ingredients el converteixen en un sab\u00f3 ideal per mantenir la pell cuidada i hidratada.\u00a0\u00a0  Sab\u00f3 suau i nutritiu Pell delicada - Pell seca","og_url":"https:\/\/mandragoracosmetica.com\/ca\/producto\/mimo\/","og_site_name":"Mandragora Cosm\u00e9tica","article_modified_time":"2024-04-11T08:59:03+00:00","og_image":[{"width":1200,"height":798,"url":"http:\/\/mandragoracosmetica.com\/wp-content\/uploads\/2019\/11\/mimo.jpg","type":"image\/jpeg"}],"twitter_card":"summary_large_image","twitter_misc":{"Temps estimat de lectura":"2 minuts"},"schema":{"@context":"https:\/\/schema.org","@graph":[{"@type":"WebPage","@id":"https:\/\/mandragoracosmetica.com\/ca\/producto\/mimo\/","url":"https:\/\/mandragoracosmetica.com\/ca\/producto\/mimo\/","name":"Mimo - sab\u00f3 de lavanda 90gr - Mandragora Cosm\u00e9tica","isPartOf":{"@id":"https:\/\/mandragoracosmetica.com\/ca\/#website"},"datePublished":"2019-11-04T20:34:23+00:00","dateModified":"2024-04-11T08:59:03+00:00","breadcrumb":{"@id":"https:\/\/mandragoracosmetica.com\/ca\/producto\/mimo\/#breadcrumb"},"inLanguage":"ca","potentialAction":[{"@type":"ReadAction","target":["https:\/\/mandragoracosmetica.com\/ca\/producto\/mimo\/"]}]},{"@type":"BreadcrumbList","@id":"https:\/\/mandragoracosmetica.com\/ca\/producto\/mimo\/#breadcrumb","itemListElement":[{"@type":"ListItem","position":1,"name":"Portada","item":"https:\/\/mandragoracosmetica.com\/ca\/inici-copia\/"},{"@type":"ListItem","position":2,"name":"Botiga","item":"https:\/\/mandragoracosmetica.com\/ca\/tienda-3\/"},{"@type":"ListItem","position":3,"name":"Mimo &#8211; sab\u00f3 de lavanda 90gr"}]},{"@type":"WebSite","@id":"https:\/\/mandragoracosmetica.com\/ca\/#website","url":"https:\/\/mandragoracosmetica.com\/ca\/","name":"Mandragora Cosm\u00e9tica","description":"Cosm\u00e9tica artesanal y org\u00e1nica elaborada con criterio natural y conservantes vegetales","publisher":{"@id":"https:\/\/mandragoracosmetica.com\/ca\/#organization"},"potentialAction":[{"@type":"SearchAction","target":{"@type":"EntryPoint","urlTemplate":"https:\/\/mandragoracosmetica.com\/ca\/?s={search_term_string}"},"query-input":"required name=search_term_string"}],"inLanguage":"ca"},{"@type":"Organization","@id":"https:\/\/mandragoracosmetica.com\/ca\/#organization","name":"Mandragora - cosm\u00e9tica natural artesana","url":"https:\/\/mandragoracosmetica.com\/ca\/","logo":{"@type":"ImageObject","inLanguage":"ca","@id":"https:\/\/mandragoracosmetica.com\/ca\/#\/schema\/logo\/image\/","url":"https:\/\/mandragoracosmetica.com\/wp-content\/uploads\/2019\/11\/logo-compost-text-petit-scaled.png","contentUrl":"https:\/\/mandragoracosmetica.com\/wp-content\/uploads\/2019\/11\/logo-compost-text-petit-scaled.png","width":1200,"height":480,"caption":"Mandragora - cosm\u00e9tica natural artesana"},"image":{"@id":"https:\/\/mandragoracosmetica.com\/ca\/#\/schema\/logo\/image\/"}}]}},"_links":{"self":[{"href":"https:\/\/mandragoracosmetica.com\/ca\/wp-json\/wp\/v2\/product\/4171","targetHints":{"allow":["GET"]}}],"collection":[{"href":"https:\/\/mandragoracosmetica.com\/ca\/wp-json\/wp\/v2\/product"}],"about":[{"href":"https:\/\/mandragoracosmetica.com\/ca\/wp-json\/wp\/v2\/types\/product"}],"replies":[{"embeddable":true,"href":"https:\/\/mandragoracosmetica.com\/ca\/wp-json\/wp\/v2\/comments?post=4171"}],"wp:featuredmedia":[{"embeddable":true,"href":"https:\/\/mandragoracosmetica.com\/ca\/wp-json\/wp\/v2\/media\/4172"}],"wp:attachment":[{"href":"https:\/\/mandragoracosmetica.com\/ca\/wp-json\/wp\/v2\/media?parent=4171"}],"wp:term":[{"taxonomy":"product_brand","embeddable":true,"href":"https:\/\/mandragoracosmetica.com\/ca\/wp-json\/wp\/v2\/product_brand?post=4171"},{"taxonomy":"product_cat","embeddable":true,"href":"https:\/\/mandragoracosmetica.com\/ca\/wp-json\/wp\/v2\/product_cat?post=4171"},{"taxonomy":"product_tag","embeddable":true,"href":"https:\/\/mandragoracosmetica.com\/ca\/wp-json\/wp\/v2\/product_tag?post=4171"}],"curies":[{"name":"wp","href":"https:\/\/api.w.org\/{rel}","templated":true}]}}