{"id":4156,"date":"2019-11-03T22:45:39","date_gmt":"2019-11-03T21:45:39","guid":{"rendered":"https:\/\/mandragoracosmetica.com\/producto\/reparsan-unguent-reparador-30-ml\/"},"modified":"2025-09-02T00:00:11","modified_gmt":"2025-09-01T22:00:11","slug":"reparsan","status":"publish","type":"product","link":"https:\/\/mandragoracosmetica.com\/ca\/producto\/reparsan\/","title":{"rendered":"Reparsan &#8211; ung\u00fcent reparador 30 ml."},"content":{"rendered":"<p>[et_pb_section fb_built=&#8221;1&#8243; _builder_version=&#8221;4.16&#8243; custom_padding=&#8221;0px||||false|false&#8221; global_colors_info=&#8221;{}&#8221;][et_pb_row _builder_version=&#8221;4.16&#8243; background_size=&#8221;initial&#8221; background_position=&#8221;top_left&#8221; background_repeat=&#8221;repeat&#8221; width=&#8221;100%&#8221; custom_padding=&#8221;0px||0px||false|false&#8221; global_colors_info=&#8221;{}&#8221;][et_pb_column type=&#8221;4_4&#8243; _builder_version=&#8221;4.16&#8243; custom_padding=&#8221;|||&#8221; global_colors_info=&#8221;{}&#8221; custom_padding__hover=&#8221;|||&#8221;][et_pb_wc_breadcrumb _builder_version=&#8221;4.16&#8243; global_colors_info=&#8221;{}&#8221;][\/et_pb_wc_breadcrumb][et_pb_wc_cart_notice _builder_version=&#8221;4.16&#8243; global_colors_info=&#8221;{}&#8221;][\/et_pb_wc_cart_notice][\/et_pb_column][\/et_pb_row][et_pb_row column_structure=&#8221;1_2,1_2&#8243; _builder_version=&#8221;4.16&#8243; background_size=&#8221;initial&#8221; background_position=&#8221;top_left&#8221; background_repeat=&#8221;repeat&#8221; width=&#8221;100%&#8221; custom_padding=&#8221;0px||||false|false&#8221; global_colors_info=&#8221;{}&#8221;][et_pb_column type=&#8221;1_2&#8243; _builder_version=&#8221;4.16&#8243; custom_padding=&#8221;|||&#8221; global_colors_info=&#8221;{}&#8221; custom_padding__hover=&#8221;|||&#8221;][et_pb_wc_images _builder_version=&#8221;4.16&#8243; global_colors_info=&#8221;{}&#8221;][\/et_pb_wc_images][\/et_pb_column][et_pb_column type=&#8221;1_2&#8243; _builder_version=&#8221;4.16&#8243; custom_padding=&#8221;|||&#8221; global_colors_info=&#8221;{}&#8221; custom_padding__hover=&#8221;|||&#8221;][et_pb_wc_title _builder_version=&#8221;4.16&#8243; global_colors_info=&#8221;{}&#8221;][\/et_pb_wc_title][et_pb_wc_rating _builder_version=&#8221;4.16&#8243; global_colors_info=&#8221;{}&#8221;][\/et_pb_wc_rating][et_pb_wc_price _builder_version=&#8221;4.16&#8243; global_colors_info=&#8221;{}&#8221;][\/et_pb_wc_price][et_pb_wc_description _builder_version=&#8221;4.16&#8243; global_colors_info=&#8221;{}&#8221;][\/et_pb_wc_description][et_pb_wc_add_to_cart _builder_version=&#8221;4.16&#8243; global_colors_info=&#8221;{}&#8221;][\/et_pb_wc_add_to_cart][et_pb_wc_meta _builder_version=&#8221;4.16&#8243; global_colors_info=&#8221;{}&#8221;][\/et_pb_wc_meta][\/et_pb_column][\/et_pb_row][et_pb_row _builder_version=&#8221;4.16&#8243; width=&#8221;100%&#8221; max_width=&#8221;1111px&#8221; custom_padding=&#8221;||0px|||&#8221; global_colors_info=&#8221;{}&#8221;][et_pb_column type=&#8221;4_4&#8243; _builder_version=&#8221;4.16&#8243; global_colors_info=&#8221;{}&#8221;][et_pb_accordion _builder_version=&#8221;4.16&#8243; global_colors_info=&#8221;{}&#8221;][et_pb_accordion_item title=&#8221;Utilitats&#8221; open=&#8221;on&#8221; open_toggle_text_color=&#8221;#443322&#8243; open_toggle_background_color=&#8221;rgba(221,204,170,0.24)&#8221; closed_toggle_text_color=&#8221;#443322&#8243; closed_toggle_background_color=&#8221;rgba(221,204,170,0.24)&#8221; icon_color=&#8221;#443322&#8243; use_icon_font_size=&#8221;on&#8221; icon_font_size=&#8221;20px&#8221; open_icon_color=&#8221;#443322&#8243; open_use_icon_font_size=&#8221;on&#8221; open_icon_font_size=&#8221;20px&#8221; _builder_version=&#8221;4.16&#8243; body_font=&#8221;Raleway||||||||&#8221; text_orientation=&#8221;left&#8221; border_color_all=&#8221;#998877&#8243; global_colors_info=&#8221;{}&#8221; toggle_text_color=&#8221;#443322&#8243; toggle_font=&#8221;Lora|700|on||||||&#8221; toggle_font_size=&#8221;20px&#8221; closed_toggle_font=&#8221;Lora|700|||||||&#8221; closed_toggle_font_size=&#8221;20px&#8221;]<span style=\"font-weight: 400;\">&#8211; Mans, peus, talons i colzes<\/span><span style=\"font-weight: 400;\"><br \/>\n<\/span><span style=\"font-weight: 400;\">&#8211; Zones molt seques<\/span><span style=\"font-weight: 400;\"><br \/>\n<\/span><span style=\"font-weight: 400;\">&#8211; Pells clivellades<\/span><span style=\"font-weight: 400;\"><br \/>\n<\/span><span style=\"font-weight: 400;\">&#8211; Dur\u00edcies<\/span><span style=\"font-weight: 400;\"><br \/>\n<\/span><span style=\"font-weight: 400;\">&#8211; Com a crema protectora per les mans<\/span>[\/et_pb_accordion_item][et_pb_accordion_item title=&#8221;Destaca per&#8221; open_toggle_text_color=&#8221;#443322&#8243; open_toggle_background_color=&#8221;rgba(221,204,170,0.24)&#8221; closed_toggle_text_color=&#8221;#443322&#8243; closed_toggle_background_color=&#8221;rgba(221,204,170,0.24)&#8221; icon_color=&#8221;#443322&#8243; use_icon_font_size=&#8221;on&#8221; icon_font_size=&#8221;20px&#8221; open_icon_color=&#8221;#443322&#8243; open_use_icon_font_size=&#8221;on&#8221; open_icon_font_size=&#8221;20px&#8221; _builder_version=&#8221;4.16&#8243; body_font=&#8221;Raleway||||||||&#8221; text_orientation=&#8221;left&#8221; border_color_all=&#8221;#998877&#8243; global_colors_info=&#8221;{}&#8221; toggle_text_color=&#8221;#443322&#8243; toggle_font=&#8221;Lora|700|on||||||&#8221; toggle_font_size=&#8221;20px&#8221; closed_toggle_font=&#8221;Lora|700|||||||&#8221; closed_toggle_font_size=&#8221;20px&#8221; open=&#8221;off&#8221;]<span style=\"font-weight: 400;\">&#8211; \u00c9sser capa\u00e7 de regenerar la pell m\u00e9s seca i castigada en pocs dies.\u00a0<\/span><span style=\"font-weight: 400;\"><br \/>\n<\/span><span style=\"font-weight: 400;\">&#8211; \u00c9s un remei calmant, cicatritzant, protector i regenerador de la pell que afavoreix l&#8217;elasticitat i nodreix en profunditat.\u00a0 \u00a0 \u00a0\u00a0<\/span><span style=\"font-weight: 400;\"><br \/>\n<\/span><span style=\"font-weight: 400;\">&#8211; La textura \u00e9s densa intencionadament, encara que et sorprengui l&#8217;acabat \u00e9s\u00a0 perfecte i no \u00e9s gens enganx\u00f3s.<\/span><span style=\"font-weight: 400;\"><br \/>\n<\/span><span style=\"font-weight: 400;\">&#8211; Els olis d&#8217;hip\u00e8ric, cal\u00e8ndua i roman\u00ed que contenen estan elaborats artesanalment per garantir-ne aix\u00ed l&#8217;extracci\u00f3 dels principis actius regeneradors, calmants, cicatritzants i antis\u00e8ptics.<\/span><span style=\"font-weight: 400;\"><br \/>\n<\/span><span style=\"font-weight: 400;\">&#8211; Els extractes hidroalcoh\u00f2lics de roman\u00ed i plantatge potencien les propietats antiinflamat\u00f2ries, cicatritzants i antioxidants i afavoreix la circulaci\u00f3 de la zona de l&#8217;aplicaci\u00f3.<\/span><span style=\"font-weight: 400;\"><br \/>\n<\/span><span style=\"font-weight: 400;\">&#8211; Cont\u00e9 olis essencials de roman\u00ed i d&#8217;arbre del te, circulatoris i regenerants cutanis, que unifiquen el to de la pell i eviten taques durant la regeneraci\u00f3.\u00a0<\/span><\/p>\n<p><span style=\"font-weight: 400;\">Env\u00e0s de vidre fosc que presenva molt temps les propietats del producte.\u00a0<\/span>[\/et_pb_accordion_item][et_pb_accordion_item title=&#8221;Precaucions&#8221; open_toggle_text_color=&#8221;#443322&#8243; open_toggle_background_color=&#8221;rgba(221,204,170,0.24)&#8221; closed_toggle_text_color=&#8221;#443322&#8243; closed_toggle_background_color=&#8221;rgba(221,204,170,0.24)&#8221; icon_color=&#8221;#443322&#8243; use_icon_font_size=&#8221;on&#8221; icon_font_size=&#8221;20px&#8221; open_icon_color=&#8221;#443322&#8243; open_use_icon_font_size=&#8221;on&#8221; open_icon_font_size=&#8221;20px&#8221; _builder_version=&#8221;4.16&#8243; body_font=&#8221;Raleway||||||||&#8221; text_orientation=&#8221;left&#8221; border_color_all=&#8221;#998877&#8243; global_colors_info=&#8221;{}&#8221; toggle_text_color=&#8221;#443322&#8243; toggle_font=&#8221;Lora|700|on||||||&#8221; toggle_font_size=&#8221;20px&#8221; closed_toggle_font=&#8221;Lora|700|||||||&#8221; closed_toggle_font_size=&#8221;20px&#8221; open=&#8221;off&#8221;]<span style=\"font-weight: 400;\">Precaucions<\/span><span style=\"font-weight: 400;\"><br \/>\n<\/span><span style=\"font-weight: 400;\">No el feu servir amb menors de 6 anys.\u00a0<\/span><span style=\"font-weight: 400;\"><br \/>\n<\/span><span style=\"font-weight: 400;\">Eviteu-ne l&#8217;\u00fas diari durant l&#8217;embar\u00e0s.\u00a0 \u00a0<\/span>[\/et_pb_accordion_item][et_pb_accordion_item title=&#8221;Composici\u00f3&#8221; open_toggle_text_color=&#8221;#443322&#8243; open_toggle_background_color=&#8221;rgba(221,204,170,0.24)&#8221; closed_toggle_text_color=&#8221;#443322&#8243; closed_toggle_background_color=&#8221;rgba(221,204,170,0.24)&#8221; icon_color=&#8221;#443322&#8243; use_icon_font_size=&#8221;on&#8221; icon_font_size=&#8221;20px&#8221; open_icon_color=&#8221;#443322&#8243; open_use_icon_font_size=&#8221;on&#8221; open_icon_font_size=&#8221;20px&#8221; _builder_version=&#8221;4.16&#8243; body_font=&#8221;Raleway||||||||&#8221; text_orientation=&#8221;left&#8221; border_color_all=&#8221;#998877&#8243; global_colors_info=&#8221;{}&#8221; toggle_text_color=&#8221;#443322&#8243; toggle_font=&#8221;Lora|700|on||||||&#8221; toggle_font_size=&#8221;20px&#8221; closed_toggle_font=&#8221;Lora|700|||||||&#8221; closed_toggle_font_size=&#8221;20px&#8221; open=&#8221;off&#8221;]<span style=\"font-weight: 400;\">olea europaea fruit oil*** (oli d&#8217;oliva verge), cera alba (cera d&#8217;abelles, alcohol denat, aqua, kaolin (argila blanca), prunus amygdalus dulcis oil (oli d&#8217;ametlles dolces), rosmarinus officinalis extract** (extracte de roman\u00ed), hypericum perforatum flower extract** (extracte d&#8217;hip\u00e8ric), rosmarinus officinalis leaf oil*** (a.e roman\u00ed c\u00e0mfora), melaleuca alternifolia leaf oil*** (oli essencial arbre del te), commiphora myrrha resin extract** (extracte de mirra), plantago lanceolata extract** (extracte de plantatge), calendula officinalis flower extract** (extracte de cal\u00e8ndula), limonene*, tocopherol (vit.E natural), linalool*.<\/span><span style=\"font-weight: 400;\"><br \/>\n<\/span><\/p>\n<p>*presents naturalment als olis essencials purs.<br \/>\n** de recol\u00b7lecci\u00f3\/elaboraci\u00f3 propia.<br \/>\n*** de proced\u00e8ncia ecol\u00f2gica certificada.[\/et_pb_accordion_item][\/et_pb_accordion][\/et_pb_column][\/et_pb_row][et_pb_row _builder_version=&#8221;4.16&#8243; width=&#8221;100%&#8221; custom_margin=&#8221;40px|auto||auto||&#8221; global_colors_info=&#8221;{}&#8221;][et_pb_column type=&#8221;4_4&#8243; _builder_version=&#8221;4.16&#8243; global_colors_info=&#8221;{}&#8221;][et_pb_wc_related_products posts_number=&#8221;4&#8243; columns_number=&#8221;4&#8243; _builder_version=&#8221;4.0.6&#8243;][\/et_pb_wc_related_products][\/et_pb_column][\/et_pb_row][et_pb_row _builder_version=&#8221;4.16&#8243; width=&#8221;100%&#8221; custom_margin=&#8221;40px|auto||auto||&#8221; locked=&#8221;off&#8221; collapsed=&#8221;off&#8221; global_colors_info=&#8221;{}&#8221;][et_pb_column type=&#8221;4_4&#8243; _builder_version=&#8221;4.16&#8243; global_colors_info=&#8221;{}&#8221;][et_pb_wc_reviews _builder_version=&#8221;4.19.1&#8243; _module_preset=&#8221;default&#8221; global_colors_info=&#8221;{}&#8221;][\/et_pb_wc_reviews][\/et_pb_column][\/et_pb_row][\/et_pb_section]<\/p>\n","protected":false},"excerpt":{"rendered":"<p><b>\u201cUn encanteri m\u00e0gic i regenerador que et fa parar per respirar\u201d<\/b><span style=\"font-weight: 400;\"><br \/>\n<\/span><span style=\"font-weight: 400;\"><br \/>\n<\/span><span style=\"font-weight: 400;\">Hip\u00e8ric \u2013 Cal\u00e8ndula &#8211; Roman\u00ed<\/span><span style=\"font-weight: 400;\"><br \/>\n<\/span><span style=\"font-weight: 400;\">Amb extractes de Plantatge i Mirra<\/span><span style=\"font-weight: 400;\"><br \/>\n<\/span><span style=\"font-weight: 400;\">Enriquit amb arbre del te i vitamina E<\/span><span style=\"font-weight: 400;\"><br \/>\n<\/span><span style=\"font-weight: 400;\"><br \/>\n<\/span><span style=\"font-weight: 400;\">He elaborat aquesta crema amb una textura molt densa i de lenta absorci\u00f3 perqu\u00e8 sigui un ung\u00fcent que et porti a dedicar-te temps. Perqu\u00e8 paris i et prenguis uns minuts per aplicar-te&#8217;l. Veur\u00e0s qu\u00e8 passa, m\u00e9s enll\u00e0 de veure com es regenera, com per art de m\u00e0gia, la pell, deixant-te-la fina i hidratada.<\/span><span style=\"font-weight: 400;\"><br \/>\n<\/span><span style=\"font-weight: 400;\"><br \/>\n<\/span><span style=\"font-weight: 400;\">Pells molt seques i castigades<\/span><span style=\"font-weight: 400;\"><br \/>\n<\/span><span style=\"font-weight: 400;\">Mans \u2013 Peus \u2013 Colzes \u2013 Dur\u00edcies<\/span><\/p>\n","protected":false},"featured_media":7955,"comment_status":"open","ping_status":"closed","template":"","meta":{"_et_pb_use_builder":"on","_et_pb_old_content":"","_et_gb_content_width":""},"product_brand":[],"product_cat":[51,55],"product_tag":[],"class_list":{"0":"post-4156","1":"product","2":"type-product","3":"status-publish","4":"has-post-thumbnail","6":"product_cat-corporal-ca-2","7":"product_cat-remeis-ca","9":"first","10":"instock","11":"taxable","12":"shipping-taxable","13":"purchasable","14":"product-type-variable"},"yoast_head":"<!-- This site is optimized with the Yoast SEO plugin v20.8 - https:\/\/yoast.com\/wordpress\/plugins\/seo\/ -->\n<title>Reparsan - ung\u00fcent reparador 30 ml. - Mandragora Cosm\u00e9tica<\/title>\n<meta name=\"robots\" content=\"index, follow, max-snippet:-1, max-image-preview:large, max-video-preview:-1\" \/>\n<link rel=\"canonical\" href=\"https:\/\/mandragoracosmetica.com\/ca\/producto\/reparsan\/\" \/>\n<meta property=\"og:locale\" content=\"ca_ES\" \/>\n<meta property=\"og:type\" content=\"article\" \/>\n<meta property=\"og:title\" content=\"Reparsan - ung\u00fcent reparador 30 ml. - Mandragora Cosm\u00e9tica\" \/>\n<meta property=\"og:description\" content=\"\u201cUn encanteri m\u00e0gic i regenerador que et fa parar per respirar\u201d  Hip\u00e8ric \u2013 Cal\u00e8ndula - Roman\u00ed Amb extractes de Plantatge i Mirra Enriquit amb arbre del te i vitamina E  He elaborat aquesta crema amb una textura molt densa i de lenta absorci\u00f3 perqu\u00e8 sigui un ung\u00fcent que et porti a dedicar-te temps. Perqu\u00e8 paris i et prenguis uns minuts per aplicar-te&#039;l. Veur\u00e0s qu\u00e8 passa, m\u00e9s enll\u00e0 de veure com es regenera, com per art de m\u00e0gia, la pell, deixant-te-la fina i hidratada.  Pells molt seques i castigades Mans \u2013 Peus \u2013 Colzes \u2013 Dur\u00edcies\" \/>\n<meta property=\"og:url\" content=\"https:\/\/mandragoracosmetica.com\/ca\/producto\/reparsan\/\" \/>\n<meta property=\"og:site_name\" content=\"Mandragora Cosm\u00e9tica\" \/>\n<meta property=\"article:modified_time\" content=\"2025-09-01T22:00:11+00:00\" \/>\n<meta property=\"og:image\" content=\"http:\/\/mandragoracosmetica.com\/wp-content\/uploads\/2019\/11\/reparsan3.jpg\" \/>\n\t<meta property=\"og:image:width\" content=\"1200\" \/>\n\t<meta property=\"og:image:height\" content=\"798\" \/>\n\t<meta property=\"og:image:type\" content=\"image\/jpeg\" \/>\n<meta name=\"twitter:card\" content=\"summary_large_image\" \/>\n<meta name=\"twitter:label1\" content=\"Temps estimat de lectura\" \/>\n\t<meta name=\"twitter:data1\" content=\"2 minuts\" \/>\n<script type=\"application\/ld+json\" class=\"yoast-schema-graph\">{\"@context\":\"https:\/\/schema.org\",\"@graph\":[{\"@type\":\"WebPage\",\"@id\":\"https:\/\/mandragoracosmetica.com\/ca\/producto\/reparsan\/\",\"url\":\"https:\/\/mandragoracosmetica.com\/ca\/producto\/reparsan\/\",\"name\":\"Reparsan - ung\u00fcent reparador 30 ml. - Mandragora Cosm\u00e9tica\",\"isPartOf\":{\"@id\":\"https:\/\/mandragoracosmetica.com\/ca\/#website\"},\"datePublished\":\"2019-11-03T21:45:39+00:00\",\"dateModified\":\"2025-09-01T22:00:11+00:00\",\"breadcrumb\":{\"@id\":\"https:\/\/mandragoracosmetica.com\/ca\/producto\/reparsan\/#breadcrumb\"},\"inLanguage\":\"ca\",\"potentialAction\":[{\"@type\":\"ReadAction\",\"target\":[\"https:\/\/mandragoracosmetica.com\/ca\/producto\/reparsan\/\"]}]},{\"@type\":\"BreadcrumbList\",\"@id\":\"https:\/\/mandragoracosmetica.com\/ca\/producto\/reparsan\/#breadcrumb\",\"itemListElement\":[{\"@type\":\"ListItem\",\"position\":1,\"name\":\"Portada\",\"item\":\"https:\/\/mandragoracosmetica.com\/ca\/inici-copia\/\"},{\"@type\":\"ListItem\",\"position\":2,\"name\":\"Botiga\",\"item\":\"https:\/\/mandragoracosmetica.com\/ca\/tienda-3\/\"},{\"@type\":\"ListItem\",\"position\":3,\"name\":\"Reparsan &#8211; ung\u00fcent reparador 30 ml.\"}]},{\"@type\":\"WebSite\",\"@id\":\"https:\/\/mandragoracosmetica.com\/ca\/#website\",\"url\":\"https:\/\/mandragoracosmetica.com\/ca\/\",\"name\":\"Mandragora Cosm\u00e9tica\",\"description\":\"Cosm\u00e9tica artesanal y org\u00e1nica elaborada con criterio natural y conservantes vegetales\",\"publisher\":{\"@id\":\"https:\/\/mandragoracosmetica.com\/ca\/#organization\"},\"potentialAction\":[{\"@type\":\"SearchAction\",\"target\":{\"@type\":\"EntryPoint\",\"urlTemplate\":\"https:\/\/mandragoracosmetica.com\/ca\/?s={search_term_string}\"},\"query-input\":\"required name=search_term_string\"}],\"inLanguage\":\"ca\"},{\"@type\":\"Organization\",\"@id\":\"https:\/\/mandragoracosmetica.com\/ca\/#organization\",\"name\":\"Mandragora - cosm\u00e9tica natural artesana\",\"url\":\"https:\/\/mandragoracosmetica.com\/ca\/\",\"logo\":{\"@type\":\"ImageObject\",\"inLanguage\":\"ca\",\"@id\":\"https:\/\/mandragoracosmetica.com\/ca\/#\/schema\/logo\/image\/\",\"url\":\"https:\/\/mandragoracosmetica.com\/wp-content\/uploads\/2019\/11\/logo-compost-text-petit-scaled.png\",\"contentUrl\":\"https:\/\/mandragoracosmetica.com\/wp-content\/uploads\/2019\/11\/logo-compost-text-petit-scaled.png\",\"width\":1200,\"height\":480,\"caption\":\"Mandragora - cosm\u00e9tica natural artesana\"},\"image\":{\"@id\":\"https:\/\/mandragoracosmetica.com\/ca\/#\/schema\/logo\/image\/\"}}]}<\/script>\n<!-- \/ Yoast SEO plugin. -->","yoast_head_json":{"title":"Reparsan - ung\u00fcent reparador 30 ml. - Mandragora Cosm\u00e9tica","robots":{"index":"index","follow":"follow","max-snippet":"max-snippet:-1","max-image-preview":"max-image-preview:large","max-video-preview":"max-video-preview:-1"},"canonical":"https:\/\/mandragoracosmetica.com\/ca\/producto\/reparsan\/","og_locale":"ca_ES","og_type":"article","og_title":"Reparsan - ung\u00fcent reparador 30 ml. - Mandragora Cosm\u00e9tica","og_description":"\u201cUn encanteri m\u00e0gic i regenerador que et fa parar per respirar\u201d  Hip\u00e8ric \u2013 Cal\u00e8ndula - Roman\u00ed Amb extractes de Plantatge i Mirra Enriquit amb arbre del te i vitamina E  He elaborat aquesta crema amb una textura molt densa i de lenta absorci\u00f3 perqu\u00e8 sigui un ung\u00fcent que et porti a dedicar-te temps. Perqu\u00e8 paris i et prenguis uns minuts per aplicar-te'l. Veur\u00e0s qu\u00e8 passa, m\u00e9s enll\u00e0 de veure com es regenera, com per art de m\u00e0gia, la pell, deixant-te-la fina i hidratada.  Pells molt seques i castigades Mans \u2013 Peus \u2013 Colzes \u2013 Dur\u00edcies","og_url":"https:\/\/mandragoracosmetica.com\/ca\/producto\/reparsan\/","og_site_name":"Mandragora Cosm\u00e9tica","article_modified_time":"2025-09-01T22:00:11+00:00","og_image":[{"width":1200,"height":798,"url":"http:\/\/mandragoracosmetica.com\/wp-content\/uploads\/2019\/11\/reparsan3.jpg","type":"image\/jpeg"}],"twitter_card":"summary_large_image","twitter_misc":{"Temps estimat de lectura":"2 minuts"},"schema":{"@context":"https:\/\/schema.org","@graph":[{"@type":"WebPage","@id":"https:\/\/mandragoracosmetica.com\/ca\/producto\/reparsan\/","url":"https:\/\/mandragoracosmetica.com\/ca\/producto\/reparsan\/","name":"Reparsan - ung\u00fcent reparador 30 ml. - Mandragora Cosm\u00e9tica","isPartOf":{"@id":"https:\/\/mandragoracosmetica.com\/ca\/#website"},"datePublished":"2019-11-03T21:45:39+00:00","dateModified":"2025-09-01T22:00:11+00:00","breadcrumb":{"@id":"https:\/\/mandragoracosmetica.com\/ca\/producto\/reparsan\/#breadcrumb"},"inLanguage":"ca","potentialAction":[{"@type":"ReadAction","target":["https:\/\/mandragoracosmetica.com\/ca\/producto\/reparsan\/"]}]},{"@type":"BreadcrumbList","@id":"https:\/\/mandragoracosmetica.com\/ca\/producto\/reparsan\/#breadcrumb","itemListElement":[{"@type":"ListItem","position":1,"name":"Portada","item":"https:\/\/mandragoracosmetica.com\/ca\/inici-copia\/"},{"@type":"ListItem","position":2,"name":"Botiga","item":"https:\/\/mandragoracosmetica.com\/ca\/tienda-3\/"},{"@type":"ListItem","position":3,"name":"Reparsan &#8211; ung\u00fcent reparador 30 ml."}]},{"@type":"WebSite","@id":"https:\/\/mandragoracosmetica.com\/ca\/#website","url":"https:\/\/mandragoracosmetica.com\/ca\/","name":"Mandragora Cosm\u00e9tica","description":"Cosm\u00e9tica artesanal y org\u00e1nica elaborada con criterio natural y conservantes vegetales","publisher":{"@id":"https:\/\/mandragoracosmetica.com\/ca\/#organization"},"potentialAction":[{"@type":"SearchAction","target":{"@type":"EntryPoint","urlTemplate":"https:\/\/mandragoracosmetica.com\/ca\/?s={search_term_string}"},"query-input":"required name=search_term_string"}],"inLanguage":"ca"},{"@type":"Organization","@id":"https:\/\/mandragoracosmetica.com\/ca\/#organization","name":"Mandragora - cosm\u00e9tica natural artesana","url":"https:\/\/mandragoracosmetica.com\/ca\/","logo":{"@type":"ImageObject","inLanguage":"ca","@id":"https:\/\/mandragoracosmetica.com\/ca\/#\/schema\/logo\/image\/","url":"https:\/\/mandragoracosmetica.com\/wp-content\/uploads\/2019\/11\/logo-compost-text-petit-scaled.png","contentUrl":"https:\/\/mandragoracosmetica.com\/wp-content\/uploads\/2019\/11\/logo-compost-text-petit-scaled.png","width":1200,"height":480,"caption":"Mandragora - cosm\u00e9tica natural artesana"},"image":{"@id":"https:\/\/mandragoracosmetica.com\/ca\/#\/schema\/logo\/image\/"}}]}},"_links":{"self":[{"href":"https:\/\/mandragoracosmetica.com\/ca\/wp-json\/wp\/v2\/product\/4156","targetHints":{"allow":["GET"]}}],"collection":[{"href":"https:\/\/mandragoracosmetica.com\/ca\/wp-json\/wp\/v2\/product"}],"about":[{"href":"https:\/\/mandragoracosmetica.com\/ca\/wp-json\/wp\/v2\/types\/product"}],"replies":[{"embeddable":true,"href":"https:\/\/mandragoracosmetica.com\/ca\/wp-json\/wp\/v2\/comments?post=4156"}],"wp:featuredmedia":[{"embeddable":true,"href":"https:\/\/mandragoracosmetica.com\/ca\/wp-json\/wp\/v2\/media\/7955"}],"wp:attachment":[{"href":"https:\/\/mandragoracosmetica.com\/ca\/wp-json\/wp\/v2\/media?parent=4156"}],"wp:term":[{"taxonomy":"product_brand","embeddable":true,"href":"https:\/\/mandragoracosmetica.com\/ca\/wp-json\/wp\/v2\/product_brand?post=4156"},{"taxonomy":"product_cat","embeddable":true,"href":"https:\/\/mandragoracosmetica.com\/ca\/wp-json\/wp\/v2\/product_cat?post=4156"},{"taxonomy":"product_tag","embeddable":true,"href":"https:\/\/mandragoracosmetica.com\/ca\/wp-json\/wp\/v2\/product_tag?post=4156"}],"curies":[{"name":"wp","href":"https:\/\/api.w.org\/{rel}","templated":true}]}}