{"id":3993,"date":"2020-02-18T17:26:25","date_gmt":"2020-02-18T16:26:25","guid":{"rendered":"https:\/\/mandragoracosmetica.com\/qui-soc\/"},"modified":"2023-12-13T11:30:24","modified_gmt":"2023-12-13T10:30:24","slug":"qui-soc","status":"publish","type":"page","link":"https:\/\/mandragoracosmetica.com\/ca\/qui-soc\/","title":{"rendered":"Qui s\u00f3c"},"content":{"rendered":"<p>[et_pb_section fb_built=&#8221;1&#8243; disabled_on=&#8221;off|off|off&#8221; _builder_version=&#8221;4.21.0&#8243; custom_padding=&#8221;44px||1px|||&#8221; hover_enabled=&#8221;0&#8243; global_colors_info=&#8221;{}&#8221; sticky_enabled=&#8221;0&#8243;][et_pb_row _builder_version=&#8221;4.16&#8243; custom_padding=&#8221;18px||19px|||&#8221; global_colors_info=&#8221;{}&#8221;][et_pb_column type=&#8221;4_4&#8243; _builder_version=&#8221;4.16&#8243; global_colors_info=&#8221;{}&#8221;][et_pb_text _builder_version=&#8221;4.16&#8243; text_font=&#8221;Lora|700|on||||||&#8221; text_text_color=&#8221;#443322&#8243; text_font_size=&#8221;35px&#8221; global_colors_info=&#8221;{}&#8221;]<\/p>\n<p style=\"text-align: center;\">&#8211; Qui s\u00f3c &#8211;<\/p>\n<p>[\/et_pb_text][et_pb_text _builder_version=&#8221;4.16&#8243; text_line_height=&#8221;2em&#8221; global_colors_info=&#8221;{}&#8221;]<\/p>\n<p style=\"text-align: center;\"><span style=\"font-size: x-large; color: #998877;\">Soc J\u00falia, creadora de la marca. Formulo i elaboro artesanalment cosm\u00e8tica org\u00e0nica perqu\u00e8 et cuidis en contacte amb la naturalesa, que \u00e9s el que som<\/span><\/p>\n<p>[\/et_pb_text][\/et_pb_column][\/et_pb_row][\/et_pb_section][et_pb_section fb_built=&#8221;1&#8243; disabled_on=&#8221;off|off|off&#8221; _builder_version=&#8221;4.21.0&#8243; background_enable_color=&#8221;off&#8221; custom_margin=&#8221;8px||-2px||false|false&#8221; custom_padding=&#8221;0px||0px||false|false&#8221; hover_enabled=&#8221;0&#8243; global_colors_info=&#8221;{}&#8221; sticky_enabled=&#8221;0&#8243;][et_pb_row column_structure=&#8221;1_2,1_2&#8243; use_custom_gutter=&#8221;on&#8221; gutter_width=&#8221;1&#8243; make_equal=&#8221;on&#8221; _builder_version=&#8221;4.16&#8243; background_enable_color=&#8221;off&#8221; width=&#8221;100%&#8221; max_width=&#8221;90%&#8221; custom_padding=&#8221;6px||10px|||&#8221; global_colors_info=&#8221;{}&#8221;][et_pb_column type=&#8221;1_2&#8243; _builder_version=&#8221;4.16&#8243; background_color=&#8221;rgba(221,204,170,0.24)&#8221; custom_padding=&#8221;30px|20px|30px|20px|true|true&#8221; global_colors_info=&#8221;{}&#8221;][et_pb_text _builder_version=&#8221;4.16&#8243; text_font_size=&#8221;16px&#8221; text_line_height=&#8221;1.8em&#8221; width=&#8221;100%&#8221; max_width=&#8221;100%&#8221; custom_margin=&#8221;|||0px|false|false&#8221; custom_padding=&#8221;|25px||25px|false|true&#8221; border_color_left=&#8221;#ddccaa&#8221; global_colors_info=&#8221;{}&#8221;]<\/p>\n<p>Treballo incansablement per all\u00f2 que crec. Crec en all\u00f2 que tingui potencial per a transformar el m\u00f3n en un lloc on tots els \u00e9ssers puguem viure plenament, en harmonia i igualtat.<\/p>\n<p>Entenc la salut com un estat global de la vida, el clar exemple que tot \u00e9s un conjunt. Ho entenc com alguna cosa que va molt m\u00e9s enll\u00e0 d&#8217;un estat f\u00edsic i on alhora aquest \u00e9s de vital import\u00e0ncia.<\/p>\n<p>Aquest anhel d&#8217;aportar al m\u00f3n vivint en coher\u00e8ncia amb els meus valors i posant la salut en el centre, m&#8217;ha portat a posar en marxa el meu propi projecte professional,<strong> des del 2011 i fins avui, millorant i formant-me cont\u00ednuament per a oferir uns productes de cosm\u00e8tica org\u00e0nica de proximitat, amb la qualitat d&#8217;un proc\u00e9s artesanal i la seguretat del nostre laboratori, complint amb tota la normativa cosm\u00e8tica.<\/strong><\/p>\n<p>L&#8217;aprenentatge m\u00e9s gran de la meva vida va comen\u00e7ar amb la maternitat. Els meus fills s\u00f3n catalitzadors del creixement personal i alhora un gran motor per a aquest projecte.<\/p>\n<p style=\"text-align: justify;\"><span style=\"font-size: 16px;\">\u00a0<\/span><\/p>\n<p>[\/et_pb_text][\/et_pb_column][et_pb_column type=&#8221;1_2&#8243; _builder_version=&#8221;4.16&#8243; background_image=&#8221;https:\/\/mandragoracosmetica.com\/wp-content\/uploads\/2019\/11\/olorar9.jpg&#8221; global_colors_info=&#8221;{}&#8221;][\/et_pb_column][\/et_pb_row][\/et_pb_section][et_pb_section fb_built=&#8221;1&#8243; disabled_on=&#8221;off|off|off&#8221; _builder_version=&#8221;4.21.0&#8243; custom_padding=&#8221;31px||15px|||&#8221; hover_enabled=&#8221;0&#8243; global_colors_info=&#8221;{}&#8221; sticky_enabled=&#8221;0&#8243;][\/et_pb_section][et_pb_section fb_built=&#8221;1&#8243; disabled_on=&#8221;off|off|off&#8221; _builder_version=&#8221;4.21.0&#8243; custom_margin=&#8221;36px|||||&#8221; custom_padding=&#8221;1px||50px|||&#8221; hover_enabled=&#8221;0&#8243; global_colors_info=&#8221;{}&#8221; sticky_enabled=&#8221;0&#8243;][et_pb_row column_structure=&#8221;1_2,1_2&#8243; use_custom_gutter=&#8221;on&#8221; gutter_width=&#8221;1&#8243; make_equal=&#8221;on&#8221; _builder_version=&#8221;4.16&#8243; background_enable_color=&#8221;off&#8221; width=&#8221;100%&#8221; max_width=&#8221;90%&#8221; custom_padding=&#8221;6px||10px|||&#8221; global_colors_info=&#8221;{}&#8221;][et_pb_column type=&#8221;1_2&#8243; _builder_version=&#8221;4.16&#8243; background_color=&#8221;rgba(221,204,170,0.24)&#8221; custom_padding=&#8221;30px|20px|30px|20px|true|true&#8221; global_colors_info=&#8221;{}&#8221;][et_pb_text _builder_version=&#8221;4.16&#8243; text_font=&#8221;||||||||&#8221; text_font_size=&#8221;16px&#8221; text_line_height=&#8221;1.8em&#8221; max_width=&#8221;750px&#8221; module_alignment=&#8221;center&#8221; custom_margin=&#8221;0px||0px||false|false&#8221; custom_padding=&#8221;||0px|2px|false|false&#8221; inline_fonts=&#8221;Lora&#8221; global_colors_info=&#8221;{}&#8221;]<\/p>\n<p><span style=\"color: #998877; font-size: x-large; font-family: Lora; font-weight: normal;\"><em><b>El nom de Mandr\u00e1gora<\/b><\/em><\/span><\/p>\n<p>Vaig triar aquest nom perqu\u00e8 per a mi, la <span class=\"hiddenSpellError\" onkeypress=\"MORFOLOGIK_RULE_CA_ES---#---0---#---Possible error ortogr\u00e0fic.---#---mandr\u00e0gora#mandr\u00e0gores---#---mandr\u00e1gora---#---Vaig triar aquest nom perqu\u00e8 per a mi, la mandr\u00e1gora \u00e9s molt representativa del poder de les plantes, forma part d'aquestes mestres que no van amb subtileses, et parlen clar i directe i dif\u00edcilment et donen una segona oportunitat.---#---43\">mandr\u00e1gora<\/span> \u00e9s molt representativa del poder de les plantes, forma part d&#8217;aquestes mestres que no van amb subtileses, et parlen clar i directe i dif\u00edcilment et donen una segona oportunitat.<br \/>S\u00f3n exemple de l&#8217;\u00e0nima \u00fanica que hi ha en cada ser, ens recorden que la precauci\u00f3 i el coneixement s\u00f3n importants per a moure&#8217;ns per aquest m\u00f3n i que com insistia Paracels: nom\u00e9s la dosi fa el ver\u00ed.<br \/>Em murmura que el poder m\u00e9s gran est\u00e0 sota el que puc veure i que no haig de jutjar el que veig amb els meus ulls.<\/p>\n<p>Tamb\u00e9 \u00e9s un clar exemple de com els interessos institucionals (religiosos, estatals&#8230;) en el control de la societat i el pensament, influeixen en les creences populars fins al punt en qu\u00e8 els coneixements ancestrals, d&#8217;aquests mons en els quals viv\u00edem en la unitat que som amb el tot, queden pr\u00e0cticament destru\u00efts. La <span class=\"hiddenSpellError\" onkeypress=\"MORFOLOGIK_RULE_CA_ES---#---0---#---Possible error ortogr\u00e0fic.---#---mandr\u00e0gora#mandr\u00e0gores---#---mandr\u00e1gora---#---La mandr\u00e1gora va ser la primera planta que va despertar en mi l'inter\u00e8s per anar a buscar all\u00ed, al lluny, en aquests temps salvatges, per a recuperar tota la saviesa que ens han anat robant, ella va ser l'espurna que va iniciar un cam\u00ed que mai acabar\u00e0.---#---43\">mandr\u00e1gora<\/span> va ser la primera planta que va despertar en mi l&#8217;inter\u00e8s per anar a buscar all\u00ed, al lluny, en aquests temps salvatges, per a recuperar tota la saviesa que ens han anat robant, ella va ser l&#8217;espurna que va iniciar un cam\u00ed que mai acabar\u00e0.<\/p>\n<p>[\/et_pb_text][\/et_pb_column][et_pb_column type=&#8221;1_2&#8243; _builder_version=&#8221;4.16&#8243; background_image=&#8221;https:\/\/mandragoracosmetica.com\/wp-content\/uploads\/2019\/10\/coure6.jpg&#8221; global_colors_info=&#8221;{}&#8221;][\/et_pb_column][\/et_pb_row][\/et_pb_section][et_pb_section fb_built=&#8221;1&#8243; disabled_on=&#8221;off|off|off&#8221; admin_label=&#8221;Plant Types&#8221; _builder_version=&#8221;4.21.0&#8243; custom_margin=&#8221;1.9%|5%|7%|5%|false|true&#8221; custom_margin_tablet=&#8221;|0%|0%|0%||true&#8221; custom_margin_phone=&#8221;&#8221; custom_margin_last_edited=&#8221;on|tablet&#8221; custom_padding=&#8221;22px||3px|||&#8221; hover_enabled=&#8221;0&#8243; border_color_all=&#8221;#998877&#8243; border_width_right=&#8221;3vw&#8221; border_color_right=&#8221;rgba(0,0,0,0)&#8221; border_width_left=&#8221;3vw&#8221; global_colors_info=&#8221;{}&#8221; sticky_enabled=&#8221;0&#8243;][et_pb_row _builder_version=&#8221;4.16&#8243; width=&#8221;90%&#8221; max_width=&#8221;1111px&#8221; custom_margin=&#8221;|-54px||82px||&#8221; custom_padding=&#8221;3px|||||&#8221; global_colors_info=&#8221;{}&#8221;][et_pb_column type=&#8221;4_4&#8243; _builder_version=&#8221;4.16&#8243; global_colors_info=&#8221;{}&#8221;][et_pb_text _builder_version=&#8221;4.16&#8243; text_font=&#8221;Raleway||||||||&#8221; text_font_size=&#8221;16px&#8221; text_line_height=&#8221;1.8em&#8221; inline_fonts=&#8221;Lora&#8221; global_colors_info=&#8221;{}&#8221;]<\/p>\n<p><span style=\"font-size: x-large; font-family: Lora;\"><em><span style=\"color: #998877;\"><b>Algunes curiositats sobre mi:<br \/><\/b><\/span><\/em><\/span><\/p>\n<p>1-Els meus colors preferits s\u00f3n <span class=\"hiddenGrammarError\" onkeypress=\"DET_GN---#---8---#---Error de concordan\u00e7a.---#---la---#---el---#---1-Els meus colors preferits s\u00f3n el granada remolatxa, el vermell cirera, el lila malva, el groc hip\u00e8ric, el rosa salicaria, el marr\u00f3 terra mullada i aix\u00ed puc anar seguint fins a completar la paleta sencera&lt;br\/&gt;2-Als 15 anys em va picar un escorp\u00ed al peu i no vaig saber recordar l'ant\u00eddot casol\u00e0 que sempre m'explicava el senyor Jaume, el nostre ve\u00ed.---#---32\">el<\/span> granate remolatxa, el <span class=\"hiddenGrammarError\" onkeypress=\"SUBSTANTIUS_JUNTS---#---1---#---Reviseu: dos substantius junts. Potser hi falta &lt;br\/&gt;algun element (una coma, una conjunci\u00f3, una &lt;br\/&gt;preposici\u00f3).---#---vermell, cirera#vermell i cirera#vermell de cirera---#---vermell cirera---#---1-Els meus colors preferits s\u00f3n el granada remolatxa, el vermell cirera, el lila malva, el groc hip\u00e8ric, el rosa salicaria, el marr\u00f3 terra mullada i aix\u00ed puc anar seguint fins a completar la paleta sencera&lt;br\/&gt;2-Als 15 anys em va picar un escorp\u00ed al peu i no vaig saber recordar l'ant\u00eddot casol\u00e0 que sempre m'explicava el senyor Jaume, el nostre ve\u00ed.---#---43\">vermell cirera<\/span>, el lila malva, el groc hip\u00e8ric, el rosa salicaria, el marr\u00f3 terra mullada i aix\u00ed puc anar seguint fins a completar la paleta sencera.<\/p>\n<p>2-Als <span class=\"hiddenGreenError\" onkeypress=\"SPELLOUT_NUMBERS---#---1---#---\u00c9s preferible escriure aquest nombre amb lletres.---#---quinze---#---15---#---1-Els meus colors preferits s\u00f3n el granada remolatxa, el vermell cirera, el lila malva, el groc hip\u00e8ric, el rosa salicaria, el marr\u00f3 terra mullada i aix\u00ed puc anar seguint fins a completar la paleta sencera&lt;br\/&gt;2-Als 15 anys em va picar un escorp\u00ed al peu i no vaig saber recordar l'ant\u00eddot casol\u00e0 que sempre m'explicava el senyor Jaume, el nostre ve\u00ed.---#---43---#---https:\/\/aplicacions.llengua.gencat.cat\/llc\/AppJava\/index.html?action=Principal&amp;method=detall&amp;input_cercar=xifres+o+lletres&amp;numPagina=1&amp;database=FITXES_PUB&amp;idFont=11005&amp;idHit=11005&amp;tipusFont=Fitxes+de+l%27Optimot&amp;numeroResultat=2&amp;databases_avansada=&amp;categories_avansada=&amp;clickLink=detall&amp;titol=xifres+o+lletres%3F+cardinals+amb+lletres&amp;tematica=&amp;tipusCerca=cerca.fitxes\">15<\/span> anys em va picar un escorp\u00ed al peu i no vaig saber recordar l&#8217;ant\u00eddot casol\u00e0 que sempre m&#8217;explicava el senyor Jaume, el nostre ve\u00ed. Ell, sempre que em trobava jugant per una cova del costat de casa prop del seu hort, m&#8217;advertia del perill i em recordava el recepta del remei ara, b\u00e9 segur la tindria molt apuntada. Finalment, vaig passar una nit a l&#8217;hospital.<\/p>\n<p>3- He viscut en una capital, en un min\u00fascul poble reocupat de muntanya, en la costa d&#8217;una illa de l&#8217;atl\u00e0ntic i actualment viu en un poble petit al costat del riu Noguera ribagor\u00e7ana.<\/p>\n<p>4- Soc capricorn, ascendent aquari amb la lluna a leo&#8230; vaig tenir el meu primer contacte amb l&#8217;astrologia despr\u00e9s del naixement del meu primer fill i vaig quedar impressionada de com alg\u00fa que gaireb\u00e9 no em coneixia em podia descriure tan \u00edntimament. Per aix\u00f2 no dono m\u00e9s dades de la meva carta astral, nom\u00e9s tres pinzellades<\/p>\n<p>5- M&#8217;encanta la vida autosuficient i he dissenyat i constru\u00eft una iurta, una cabanya de fusta, una petita bioconstrucci\u00f3 de palla, diferents <span class=\"hiddenSpellError\" onkeypress=\"MORFOLOGIK_RULE_CA_ES---#---0---#---Possible error ortogr\u00e0fic.---#---WC#FC#aC#PC#dC#oc#uc#IC#MWC#TC#UC#W3C#dc#ec#BC#C#PwC#XC---#---wc---#---Per aix\u00f2 no dono m\u00e9s dades de la meva carta astral, nom\u00e9s tres pinzellades&lt;br\/&gt;5- M'encanta la vida autosuficient i he dissenyat i constru\u00eft una iurta, una cabanya de fusta, una petita bioconstrucci\u00f3 de palla, diferents wc secs, he teixit ca\u00f1izo i he fet teulades, he aixecat un mur de contenci\u00f3 de pedra seca baixant les pedres de dalt de la muntanya, he fet una bici-rentadora, forn solar, forn de llenya, assecadors solars, p\u00e8rgoles i le\u00f1eros... i encara em perdo sovint imaginant-me fent un dom, un tipi amb cara i ulls i un petit refugi de fang i palla.---#---43\">wc<\/span> secs, he teixit cany\u00eds i he fet teulades, he aixecat un mur de contenci\u00f3 de pedra seca baixant les pedres de dalt de la muntanya, he fet una bici-rentadora, forn solar, forn de llenya, assecadors solars, p\u00e8rgoles i llenyers&#8230; i encara em perdo sovint imaginant-me fent un dom, un tipi amb cara i ulls i un petit refugi de fang i palla. Una de les meves passions \u00e9s dissenyar espais.<\/p>\n<p>[\/et_pb_text][\/et_pb_column][\/et_pb_row][\/et_pb_section][et_pb_section fb_built=&#8221;1&#8243; disabled_on=&#8221;off|off|off&#8221; _builder_version=&#8221;4.21.0&#8243; custom_margin=&#8221;69px|||||&#8221; custom_padding=&#8221;1px||50px|||&#8221; hover_enabled=&#8221;0&#8243; global_colors_info=&#8221;{}&#8221; sticky_enabled=&#8221;0&#8243;][et_pb_row column_structure=&#8221;1_2,1_2&#8243; use_custom_gutter=&#8221;on&#8221; gutter_width=&#8221;1&#8243; make_equal=&#8221;on&#8221; _builder_version=&#8221;4.16&#8243; background_enable_color=&#8221;off&#8221; width=&#8221;100%&#8221; max_width=&#8221;90%&#8221; custom_padding=&#8221;6px||10px|||&#8221; global_colors_info=&#8221;{}&#8221;][et_pb_column type=&#8221;1_2&#8243; _builder_version=&#8221;4.16&#8243; background_image=&#8221;https:\/\/mandragoracosmetica.com\/wp-content\/uploads\/2019\/11\/Mandragora-Cosmetica-285-scaled.jpg&#8221; global_colors_info=&#8221;{}&#8221;][\/et_pb_column][et_pb_column type=&#8221;1_2&#8243; _builder_version=&#8221;4.16&#8243; background_color=&#8221;rgba(221,204,170,0.24)&#8221; custom_padding=&#8221;30px|20px|30px|20px|true|true&#8221; global_colors_info=&#8221;{}&#8221;][et_pb_text _builder_version=&#8221;4.16&#8243; text_font_size=&#8221;16px&#8221; text_line_height=&#8221;1.8em&#8221; width=&#8221;100%&#8221; max_width=&#8221;100%&#8221; custom_margin=&#8221;|||0px|false|false&#8221; custom_padding=&#8221;|25px||25px|false|true&#8221; border_color_left=&#8221;#ddccaa&#8221; inline_fonts=&#8221;Lora&#8221; global_colors_info=&#8221;{}&#8221;]<\/p>\n<p><span style=\"font-size: x-large; font-family: Lora; font-weight: normal; color: #998877;\"><em><b><\/b><\/em><\/span><\/p>\n<p><span style=\"font-size: large;\"><strong>Els nostres productes compten amb la qualitat d&#8217;un proc\u00e9s artesanal i la seguretat del nostre laboratori, complint amb tota la normativa cosm\u00e8tica.<br \/>Formem part de la cooperativa biocosm\u00e8tica MonGaia, laboratori artes\u00e0 legalitzat, certificat a m\u00e9s per Bioinspecta (bio VidaSana). <br \/><\/strong><\/span><\/p>\n<p><span style=\"font-size: large;\"><strong><\/strong><\/span><\/p>\n<ul>\n<li style=\"font-weight: 400; text-align: justify;\"><span style=\"font-weight: 400;\">El 2011, vaig iniciar els estudis de cosm\u00e8tica natural a Alacant, on vaig cursar el m\u00f2dul d&#8217;<\/span><strong><span style=\"color: #998877;\">Elaboraci\u00f3 de cosm\u00e8tica natural i cultiu de l&#8217;Aloe Vera<\/span>. <\/strong><span style=\"font-weight: 400;\">Aquest va ser el principi d&#8217;una gran amistat passional per les plantes i la cosm\u00e8tica natural.\u00a0<\/span><\/li>\n<li style=\"font-weight: 400; text-align: justify;\"><span style=\"font-weight: 400;\">Vaig seguir fent <\/span><span style=\"color: #998877;\"><b>cursos d&#8217;identificaci\u00f3 de plantes silvestres, elaboraci\u00f3 de sabons<\/b><\/span><span style=\"font-weight: 400;\"> i d&#8217;altres que ni recordo. M&#8217;apuntava a tot all\u00f2 que em proporcion\u00e9s coneixements sobre plantes i cosm\u00e8tica natural per cuidar-se un mateix.<\/span><\/li>\n<li style=\"font-weight: 400; text-align: justify;\"><span style=\"font-weight: 400;\">Entre 2012 i 2014 vaig cursar <\/span><span style=\"color: #998877;\"><b>fitoter\u00e0pia, dietoter\u00e0pia i diet\u00e8tica i nutrici\u00f3 a l&#8217;Instituto Superior de Medicina Tradicional ISMET<\/b><\/span><span style=\"font-weight: 400;\">.<\/span><\/li>\n<\/ul>\n<ul style=\"text-align: justify;\">\n<li style=\"font-weight: 400;\"><span style=\"font-weight: 400;\"><\/span>La <strong>formaci\u00f3 \u00e9s cont\u00ednua<\/strong>, per\u00f2 m&#8217;agradaria destacar alguns dels cursos que han aportat millora i professionalitat als productes <span class=\"hiddenSpellError\" onkeypress=\"MORFOLOGIK_RULE_CA_ES---#---0---#---Possible error ortogr\u00e0fic.---#---Mandr\u00e0gora#Mandr\u00e0gores---#---Mandr\u00e1gora---#---La formaci\u00f3 \u00e9s cont\u00ednua, per\u00f2 m'agradaria destacar alguns dels cursos que han aportat millora i professionalitat als productes Mandr\u00e1gora.---#---43\">Mandr\u00e1gora<\/span>. Per exemple: cursos sobre <strong>emulsions, estabilitat cosm\u00e8tica, aromater\u00e0pia, destil\u00b7laci\u00f3, recuperaci\u00f3 dels usos tradicionals de la trementina i la pega negra<\/strong>, entre altres.<\/li>\n<li style=\"font-weight: 400;\">En continu aprenentatge i formant-me sobri <strong><span class=\"hiddenSpellError\" onkeypress=\"MORFOLOGIK_RULE_CA_ES---#---0---#---Possible error ortogr\u00e0fic.---#---MM#MIM#MEM#MOM#MAM#ATM#MTS#MTV---#---MTM---#---En continu aprenentatge i formant-me sobri MTM (medicina tradicional mediterranea)&lt;br\/&gt;Formaci\u00f3 en bones pr\u00e0ctiques de fabricaci\u00f3 de productes cosm\u00e8tics segun la normal ISO22716&lt;br\/&gt;La major formaci\u00f3 \u00e9s la que he adquirit de manera autodidacta i en gran part inspirada per la educacion a casa de les meves hijxs durant 9 anys.---#---43\">MTM<\/span><\/strong> (medicina tradicional mediterr\u00e0nia).<\/li>\n<li style=\"font-weight: 400;\">Formaci\u00f3 en <strong>bones pr\u00e0ctiques de fabricaci\u00f3 de productes cosm\u00e8tics<\/strong> segons la norma <strong>ISO22716.<\/strong><\/li>\n<li style=\"font-weight: 400;\">La formaci\u00f3 m\u00e9s gran \u00e9s la que he adquirit de manera <strong>autodid\u00e0ctica<\/strong> i en gran part inspirada per l&#8217;educaci\u00f3 a casa de les meves <span class=\"hiddenSpellError\" onkeypress=\"MORFOLOGIK_RULE_CA_ES---#---0---#---Possible error ortogr\u00e0fic.---#---his#haj\u00e0s#hiats#hifes#hijab#hijabs#hils#hits#linxs#Hijri---#---hijxs---#---En continu aprenentatge i formant-me sobri MTM (medicina tradicional mediterranea)&lt;br\/&gt;Formaci\u00f3 en bones pr\u00e0ctiques de fabricaci\u00f3 de productes cosm\u00e8tics segun la normal ISO22716&lt;br\/&gt;La major formaci\u00f3 \u00e9s la que he adquirit de manera autodidacta i en gran part inspirada per la educacion a casa de les meves hijxs durant 9 anys.---#---43\">filles<\/span> durant nou anys.<\/li>\n<\/ul>\n<p>[\/et_pb_text][\/et_pb_column][\/et_pb_row][\/et_pb_section][et_pb_section fb_built=&#8221;1&#8243; disabled_on=&#8221;off|off|off&#8221; _builder_version=&#8221;4.21.0&#8243; background_enable_image=&#8221;off&#8221; min_height=&#8221;514px&#8221; custom_margin=&#8221;30px|||||&#8221; custom_padding=&#8221;8px||0px||false|&#8221; hover_enabled=&#8221;0&#8243; global_colors_info=&#8221;{}&#8221; sticky_enabled=&#8221;0&#8243;][et_pb_row _builder_version=&#8221;4.16&#8243; background_image=&#8221;https:\/\/mandragoracosmetica.com\/wp-content\/uploads\/2019\/11\/julia31.jpg&#8221; width=&#8221;90%&#8221; max_width=&#8221;11111px&#8221; custom_padding=&#8221;101px||101px||true|&#8221; global_colors_info=&#8221;{}&#8221;][et_pb_column type=&#8221;4_4&#8243; _builder_version=&#8221;4.16&#8243; global_colors_info=&#8221;{}&#8221;][et_pb_text _builder_version=&#8221;4.16&#8243; text_text_color=&#8221;#000000&#8243; text_font_size=&#8221;16px&#8221; text_line_height=&#8221;1.8em&#8221; background_color=&#8221;rgba(221,204,170,0.83)&#8221; width=&#8221;100%&#8221; max_width=&#8221;100%&#8221; custom_margin=&#8221;-6px||32px|0px|false|false&#8221; custom_padding=&#8221;5px|25px|5px|25px|false|true&#8221; border_color_left=&#8221;#ddccaa&#8221; global_colors_info=&#8221;{}&#8221;]<\/p>\n<p style=\"text-align: center;\"><span style=\"font-size: x-large;\"><span style=\"font-weight: 400;\">Mandr\u00e0gora \u00e9s la meva forma de promoure des de l&#8217;exemple un<\/span><span style=\"color: #443322;\"><b> estil de vida natural<\/b><\/span><span style=\"font-weight: 400;\">. <\/span><\/span><\/p>\n<p style=\"text-align: center;\"><span style=\"font-weight: 400; font-size: x-large;\">Si has arribat fins aqu\u00ed, \u00e9s el moment de passar de llegir a experimentar. Som-hi?<\/span><\/p>\n<p>[\/et_pb_text][et_pb_button button_text=&#8221;Som-hi!&#8221; button_alignment=&#8221;center&#8221; _builder_version=&#8221;4.16&#8243; custom_button=&#8221;on&#8221; button_text_size=&#8221;18px&#8221; button_text_color=&#8221;#443322&#8243; button_bg_color=&#8221;rgba(221,204,170,0.89)&#8221; button_border_color=&#8221;rgba(0,0,0,0)&#8221; button_border_radius=&#8221;0px&#8221; button_letter_spacing=&#8221;4px&#8221; button_font=&#8221;Quicksand|700|||||||&#8221; button_icon=&#8221;&#x24;||divi||400&#8243; background_layout=&#8221;dark&#8221; custom_margin=&#8221;51px||151px|||&#8221; custom_padding=&#8221;16px|40px|16px|40px|true|true&#8221; animation_style=&#8221;slide&#8221; animation_direction=&#8221;left&#8221; animation_intensity_slide=&#8221;10%&#8221; box_shadow_style=&#8221;preset4&#8243; box_shadow_horizontal=&#8221;-10px&#8221; box_shadow_vertical=&#8221;0px&#8221; box_shadow_color=&#8221;#998877&#8243; locked=&#8221;off&#8221; global_colors_info=&#8221;{}&#8221; button_text_size__hover_enabled=&#8221;off&#8221; button_one_text_size__hover_enabled=&#8221;off&#8221; button_two_text_size__hover_enabled=&#8221;off&#8221; button_text_color__hover_enabled=&#8221;off&#8221; button_one_text_color__hover_enabled=&#8221;off&#8221; button_two_text_color__hover_enabled=&#8221;off&#8221; button_border_width__hover_enabled=&#8221;off&#8221; button_one_border_width__hover_enabled=&#8221;off&#8221; button_two_border_width__hover_enabled=&#8221;off&#8221; button_border_color__hover_enabled=&#8221;off&#8221; button_one_border_color__hover_enabled=&#8221;off&#8221; button_two_border_color__hover_enabled=&#8221;off&#8221; button_border_radius__hover_enabled=&#8221;off&#8221; button_one_border_radius__hover_enabled=&#8221;off&#8221; button_two_border_radius__hover_enabled=&#8221;off&#8221; button_letter_spacing__hover_enabled=&#8221;off&#8221; button_one_letter_spacing__hover_enabled=&#8221;off&#8221; button_two_letter_spacing__hover_enabled=&#8221;off&#8221; button_bg_color__hover_enabled=&#8221;off&#8221; button_one_bg_color__hover_enabled=&#8221;off&#8221; button_two_bg_color__hover_enabled=&#8221;off&#8221;][\/et_pb_button][\/et_pb_column][\/et_pb_row][\/et_pb_section][et_pb_section fb_built=&#8221;1&#8243; disabled_on=&#8221;off|off|off&#8221; _builder_version=&#8221;4.21.0&#8243; background_enable_image=&#8221;off&#8221; min_height=&#8221;514px&#8221; custom_margin=&#8221;30px|||||&#8221; custom_padding=&#8221;8px||0px||false|&#8221; hover_enabled=&#8221;0&#8243; global_colors_info=&#8221;{}&#8221; sticky_enabled=&#8221;0&#8243;][et_pb_row _builder_version=&#8221;4.16&#8243; background_color=&#8221;rgba(221,204,170,0.24)&#8221; background_enable_image=&#8221;off&#8221; width=&#8221;90%&#8221; max_width=&#8221;11111px&#8221; custom_padding=&#8221;27px||27px||true|&#8221; global_colors_info=&#8221;{}&#8221;][et_pb_column type=&#8221;4_4&#8243; _builder_version=&#8221;4.16&#8243; global_colors_info=&#8221;{}&#8221;][et_pb_text _builder_version=&#8221;4.16&#8243; text_text_color=&#8221;#000000&#8243; text_font_size=&#8221;10px&#8221; text_line_height=&#8221;1.8em&#8221; background_enable_color=&#8221;off&#8221; width=&#8221;100%&#8221; max_width=&#8221;100%&#8221; custom_margin=&#8221;-6px||32px|0px|false|false&#8221; custom_padding=&#8221;5px|25px|5px|25px|false|true&#8221; border_color_left=&#8221;#ddccaa&#8221; global_colors_info=&#8221;{}&#8221;]<\/p>\n<p style=\"text-align: center;\"><span style=\"font-size: x-large;\"><span style=\"font-weight: 400;\">Mandr\u00e0gora \u00e9s la meva forma de promoure des de l&#8217;exemple un<\/span><span style=\"color: #443322;\"><b> estil de vida natural<\/b><\/span><span style=\"font-weight: 400;\"><br \/><\/span><\/span><\/p>\n<p style=\"text-align: center;\"><span style=\"font-weight: 400; font-size: x-large;\">Si has arribat fins aqu\u00ed, \u00e9s el moment de passar de llegir a experimentar. Som-hi?<\/span><\/p>\n<p>[\/et_pb_text][et_pb_button button_text=&#8221;Som-hi!&#8221; button_alignment=&#8221;center&#8221; _builder_version=&#8221;4.16&#8243; custom_button=&#8221;on&#8221; button_text_size=&#8221;18px&#8221; button_text_color=&#8221;#443322&#8243; button_bg_color=&#8221;rgba(221,204,170,0.89)&#8221; button_border_color=&#8221;rgba(0,0,0,0)&#8221; button_border_radius=&#8221;0px&#8221; button_letter_spacing=&#8221;4px&#8221; button_font=&#8221;Quicksand|700|||||||&#8221; button_icon=&#8221;&#x24;||divi||400&#8243; background_layout=&#8221;dark&#8221; custom_margin=&#8221;29px||23px|||&#8221; custom_padding=&#8221;16px|40px|16px|40px|true|true&#8221; animation_style=&#8221;slide&#8221; animation_direction=&#8221;left&#8221; animation_intensity_slide=&#8221;10%&#8221; box_shadow_style=&#8221;preset4&#8243; box_shadow_horizontal=&#8221;-10px&#8221; box_shadow_vertical=&#8221;0px&#8221; box_shadow_color=&#8221;#998877&#8243; locked=&#8221;off&#8221; global_colors_info=&#8221;{}&#8221; button_text_size__hover_enabled=&#8221;off&#8221; button_one_text_size__hover_enabled=&#8221;off&#8221; button_two_text_size__hover_enabled=&#8221;off&#8221; button_text_color__hover_enabled=&#8221;off&#8221; button_one_text_color__hover_enabled=&#8221;off&#8221; button_two_text_color__hover_enabled=&#8221;off&#8221; button_border_width__hover_enabled=&#8221;off&#8221; button_one_border_width__hover_enabled=&#8221;off&#8221; button_two_border_width__hover_enabled=&#8221;off&#8221; button_border_color__hover_enabled=&#8221;off&#8221; button_one_border_color__hover_enabled=&#8221;off&#8221; button_two_border_color__hover_enabled=&#8221;off&#8221; button_border_radius__hover_enabled=&#8221;off&#8221; button_one_border_radius__hover_enabled=&#8221;off&#8221; button_two_border_radius__hover_enabled=&#8221;off&#8221; button_letter_spacing__hover_enabled=&#8221;off&#8221; button_one_letter_spacing__hover_enabled=&#8221;off&#8221; button_two_letter_spacing__hover_enabled=&#8221;off&#8221; button_bg_color__hover_enabled=&#8221;off&#8221; button_one_bg_color__hover_enabled=&#8221;off&#8221; button_two_bg_color__hover_enabled=&#8221;off&#8221;][\/et_pb_button][et_pb_image src=&#8221;https:\/\/mandragoracosmetica.com\/wp-content\/uploads\/2019\/11\/julia31.jpg&#8221; _builder_version=&#8221;4.16&#8243; global_colors_info=&#8221;{}&#8221;][\/et_pb_image][\/et_pb_column][\/et_pb_row][\/et_pb_section]<\/p>\n","protected":false},"excerpt":{"rendered":"<p>&#8211; Qui s\u00f3c -Soc J\u00falia, creadora de la marca. Formulo i elaboro artesanalment cosm\u00e8tica org\u00e0nica perqu\u00e8 et cuidis en contacte amb la naturalesa, que \u00e9s el que somTreballo incansablement per all\u00f2 que crec. Crec en all\u00f2 que tingui potencial per a transformar el m\u00f3n en un lloc on tots els \u00e9ssers puguem viure plenament, en [&hellip;]<\/p>\n","protected":false},"author":1,"featured_media":0,"parent":0,"menu_order":0,"comment_status":"closed","ping_status":"closed","template":"","meta":{"_et_pb_use_builder":"on","_et_pb_old_content":"<!-- wp:divi\/placeholder \/-->","_et_gb_content_width":"","footnotes":""},"class_list":["post-3993","page","type-page","status-publish","hentry"],"yoast_head":"<!-- This site is optimized with the Yoast SEO plugin v20.8 - https:\/\/yoast.com\/wordpress\/plugins\/seo\/ -->\n<title>Qui s\u00f3c - Mandragora Cosm\u00e9tica<\/title>\n<meta name=\"robots\" content=\"index, follow, max-snippet:-1, max-image-preview:large, max-video-preview:-1\" \/>\n<link rel=\"canonical\" href=\"https:\/\/mandragoracosmetica.com\/ca\/qui-soc\/\" \/>\n<meta property=\"og:locale\" content=\"ca_ES\" \/>\n<meta property=\"og:type\" content=\"article\" \/>\n<meta property=\"og:title\" content=\"Qui s\u00f3c - Mandragora Cosm\u00e9tica\" \/>\n<meta property=\"og:description\" content=\"- Qui s\u00f3c -Soc J\u00falia, creadora de la marca. Formulo i elaboro artesanalment cosm\u00e8tica org\u00e0nica perqu\u00e8 et cuidis en contacte amb la naturalesa, que \u00e9s el que somTreballo incansablement per all\u00f2 que crec. Crec en all\u00f2 que tingui potencial per a transformar el m\u00f3n en un lloc on tots els \u00e9ssers puguem viure plenament, en [&hellip;]\" \/>\n<meta property=\"og:url\" content=\"https:\/\/mandragoracosmetica.com\/ca\/qui-soc\/\" \/>\n<meta property=\"og:site_name\" content=\"Mandragora Cosm\u00e9tica\" \/>\n<meta property=\"article:modified_time\" content=\"2023-12-13T10:30:24+00:00\" \/>\n<meta name=\"twitter:card\" content=\"summary_large_image\" \/>\n<meta name=\"twitter:label1\" content=\"Temps estimat de lectura\" \/>\n\t<meta name=\"twitter:data1\" content=\"6 minuts\" \/>\n<script type=\"application\/ld+json\" class=\"yoast-schema-graph\">{\"@context\":\"https:\/\/schema.org\",\"@graph\":[{\"@type\":\"WebPage\",\"@id\":\"https:\/\/mandragoracosmetica.com\/ca\/qui-soc\/\",\"url\":\"https:\/\/mandragoracosmetica.com\/ca\/qui-soc\/\",\"name\":\"Qui s\u00f3c - Mandragora Cosm\u00e9tica\",\"isPartOf\":{\"@id\":\"https:\/\/mandragoracosmetica.com\/ca\/#website\"},\"datePublished\":\"2020-02-18T16:26:25+00:00\",\"dateModified\":\"2023-12-13T10:30:24+00:00\",\"breadcrumb\":{\"@id\":\"https:\/\/mandragoracosmetica.com\/ca\/qui-soc\/#breadcrumb\"},\"inLanguage\":\"ca\",\"potentialAction\":[{\"@type\":\"ReadAction\",\"target\":[\"https:\/\/mandragoracosmetica.com\/ca\/qui-soc\/\"]}]},{\"@type\":\"BreadcrumbList\",\"@id\":\"https:\/\/mandragoracosmetica.com\/ca\/qui-soc\/#breadcrumb\",\"itemListElement\":[{\"@type\":\"ListItem\",\"position\":1,\"name\":\"Portada\",\"item\":\"https:\/\/mandragoracosmetica.com\/ca\/inici-copia\/\"},{\"@type\":\"ListItem\",\"position\":2,\"name\":\"Qui s\u00f3c\"}]},{\"@type\":\"WebSite\",\"@id\":\"https:\/\/mandragoracosmetica.com\/ca\/#website\",\"url\":\"https:\/\/mandragoracosmetica.com\/ca\/\",\"name\":\"Mandragora Cosm\u00e9tica\",\"description\":\"Cosm\u00e9tica artesanal y org\u00e1nica elaborada con criterio natural y conservantes vegetales\",\"publisher\":{\"@id\":\"https:\/\/mandragoracosmetica.com\/ca\/#organization\"},\"potentialAction\":[{\"@type\":\"SearchAction\",\"target\":{\"@type\":\"EntryPoint\",\"urlTemplate\":\"https:\/\/mandragoracosmetica.com\/ca\/?s={search_term_string}\"},\"query-input\":\"required name=search_term_string\"}],\"inLanguage\":\"ca\"},{\"@type\":\"Organization\",\"@id\":\"https:\/\/mandragoracosmetica.com\/ca\/#organization\",\"name\":\"Mandragora - cosm\u00e9tica natural artesana\",\"url\":\"https:\/\/mandragoracosmetica.com\/ca\/\",\"logo\":{\"@type\":\"ImageObject\",\"inLanguage\":\"ca\",\"@id\":\"https:\/\/mandragoracosmetica.com\/ca\/#\/schema\/logo\/image\/\",\"url\":\"https:\/\/mandragoracosmetica.com\/wp-content\/uploads\/2019\/11\/logo-compost-text-petit-scaled.png\",\"contentUrl\":\"https:\/\/mandragoracosmetica.com\/wp-content\/uploads\/2019\/11\/logo-compost-text-petit-scaled.png\",\"width\":1200,\"height\":480,\"caption\":\"Mandragora - cosm\u00e9tica natural artesana\"},\"image\":{\"@id\":\"https:\/\/mandragoracosmetica.com\/ca\/#\/schema\/logo\/image\/\"}}]}<\/script>\n<!-- \/ Yoast SEO plugin. -->","yoast_head_json":{"title":"Qui s\u00f3c - Mandragora Cosm\u00e9tica","robots":{"index":"index","follow":"follow","max-snippet":"max-snippet:-1","max-image-preview":"max-image-preview:large","max-video-preview":"max-video-preview:-1"},"canonical":"https:\/\/mandragoracosmetica.com\/ca\/qui-soc\/","og_locale":"ca_ES","og_type":"article","og_title":"Qui s\u00f3c - Mandragora Cosm\u00e9tica","og_description":"- Qui s\u00f3c -Soc J\u00falia, creadora de la marca. Formulo i elaboro artesanalment cosm\u00e8tica org\u00e0nica perqu\u00e8 et cuidis en contacte amb la naturalesa, que \u00e9s el que somTreballo incansablement per all\u00f2 que crec. Crec en all\u00f2 que tingui potencial per a transformar el m\u00f3n en un lloc on tots els \u00e9ssers puguem viure plenament, en [&hellip;]","og_url":"https:\/\/mandragoracosmetica.com\/ca\/qui-soc\/","og_site_name":"Mandragora Cosm\u00e9tica","article_modified_time":"2023-12-13T10:30:24+00:00","twitter_card":"summary_large_image","twitter_misc":{"Temps estimat de lectura":"6 minuts"},"schema":{"@context":"https:\/\/schema.org","@graph":[{"@type":"WebPage","@id":"https:\/\/mandragoracosmetica.com\/ca\/qui-soc\/","url":"https:\/\/mandragoracosmetica.com\/ca\/qui-soc\/","name":"Qui s\u00f3c - Mandragora Cosm\u00e9tica","isPartOf":{"@id":"https:\/\/mandragoracosmetica.com\/ca\/#website"},"datePublished":"2020-02-18T16:26:25+00:00","dateModified":"2023-12-13T10:30:24+00:00","breadcrumb":{"@id":"https:\/\/mandragoracosmetica.com\/ca\/qui-soc\/#breadcrumb"},"inLanguage":"ca","potentialAction":[{"@type":"ReadAction","target":["https:\/\/mandragoracosmetica.com\/ca\/qui-soc\/"]}]},{"@type":"BreadcrumbList","@id":"https:\/\/mandragoracosmetica.com\/ca\/qui-soc\/#breadcrumb","itemListElement":[{"@type":"ListItem","position":1,"name":"Portada","item":"https:\/\/mandragoracosmetica.com\/ca\/inici-copia\/"},{"@type":"ListItem","position":2,"name":"Qui s\u00f3c"}]},{"@type":"WebSite","@id":"https:\/\/mandragoracosmetica.com\/ca\/#website","url":"https:\/\/mandragoracosmetica.com\/ca\/","name":"Mandragora Cosm\u00e9tica","description":"Cosm\u00e9tica artesanal y org\u00e1nica elaborada con criterio natural y conservantes vegetales","publisher":{"@id":"https:\/\/mandragoracosmetica.com\/ca\/#organization"},"potentialAction":[{"@type":"SearchAction","target":{"@type":"EntryPoint","urlTemplate":"https:\/\/mandragoracosmetica.com\/ca\/?s={search_term_string}"},"query-input":"required name=search_term_string"}],"inLanguage":"ca"},{"@type":"Organization","@id":"https:\/\/mandragoracosmetica.com\/ca\/#organization","name":"Mandragora - cosm\u00e9tica natural artesana","url":"https:\/\/mandragoracosmetica.com\/ca\/","logo":{"@type":"ImageObject","inLanguage":"ca","@id":"https:\/\/mandragoracosmetica.com\/ca\/#\/schema\/logo\/image\/","url":"https:\/\/mandragoracosmetica.com\/wp-content\/uploads\/2019\/11\/logo-compost-text-petit-scaled.png","contentUrl":"https:\/\/mandragoracosmetica.com\/wp-content\/uploads\/2019\/11\/logo-compost-text-petit-scaled.png","width":1200,"height":480,"caption":"Mandragora - cosm\u00e9tica natural artesana"},"image":{"@id":"https:\/\/mandragoracosmetica.com\/ca\/#\/schema\/logo\/image\/"}}]}},"_links":{"self":[{"href":"https:\/\/mandragoracosmetica.com\/ca\/wp-json\/wp\/v2\/pages\/3993","targetHints":{"allow":["GET"]}}],"collection":[{"href":"https:\/\/mandragoracosmetica.com\/ca\/wp-json\/wp\/v2\/pages"}],"about":[{"href":"https:\/\/mandragoracosmetica.com\/ca\/wp-json\/wp\/v2\/types\/page"}],"author":[{"embeddable":true,"href":"https:\/\/mandragoracosmetica.com\/ca\/wp-json\/wp\/v2\/users\/1"}],"replies":[{"embeddable":true,"href":"https:\/\/mandragoracosmetica.com\/ca\/wp-json\/wp\/v2\/comments?post=3993"}],"version-history":[{"count":3,"href":"https:\/\/mandragoracosmetica.com\/ca\/wp-json\/wp\/v2\/pages\/3993\/revisions"}],"predecessor-version":[{"id":7282,"href":"https:\/\/mandragoracosmetica.com\/ca\/wp-json\/wp\/v2\/pages\/3993\/revisions\/7282"}],"wp:attachment":[{"href":"https:\/\/mandragoracosmetica.com\/ca\/wp-json\/wp\/v2\/media?parent=3993"}],"curies":[{"name":"wp","href":"https:\/\/api.w.org\/{rel}","templated":true}]}}